{"id":36721,"date":"2023-09-28T12:38:01","date_gmt":"2023-09-28T09:38:01","guid":{"rendered":"https:\/\/vitalmutfak.com\/pulsa\/"},"modified":"2026-04-13T11:29:06","modified_gmt":"2026-04-13T08:29:06","slug":"pulsa","status":"publish","type":"page","link":"https:\/\/vitalmutfak.com\/es\/pulsa\/","title":{"rendered":"Pulsa"},"content":{"rendered":"\t\t<div data-elementor-type=\"wp-page\" data-elementor-id=\"36721\" class=\"elementor elementor-36721 elementor-66\" data-elementor-post-type=\"page\">\n\t\t\t\t<div class=\"elementor-element elementor-element-cebe983 e-flex e-con-boxed e-con e-parent\" data-id=\"cebe983\" data-element_type=\"container\" data-e-type=\"container\">\n\t\t\t\t\t<div class=\"e-con-inner\">\n\t\t\t\t<div class=\"elementor-element elementor-element-3bed24f elementor-hidden-tablet elementor-hidden-mobile elementor-widget elementor-widget-elementskit-blog-posts\" data-id=\"3bed24f\" data-element_type=\"widget\" data-e-type=\"widget\" data-widget_type=\"elementskit-blog-posts.default\">\n\t\t\t\t<div class=\"elementor-widget-container\">\n\t\t\t\t\t<div class=\"ekit-wid-con\" >        <div id=\"post-items--3bed24f\" class=\"row post-items\">\n                    <div class=\"col-lg-4 col-md-6\">\n\n                                    <div class=\"elementskit-post-image-card\">\n                        <div class=\"elementskit-entry-header\">\n                                                            <a href=\"https:\/\/vitalmutfak.com\/es\/el-iftar-del-ramadan-y-la-ceremonia-de-entrega-de-premios-a-los-veteranos-se-celebraron-en-el-grupo-mutas\/\" class=\"elementskit-entry-thumb\">\n                                    <img decoding=\"async\" src=\"https:\/\/vitalmutfak.com\/wp-content\/uploads\/DSC_8943-150x150.jpg\" alt=\"El Iftar del Ramad\u00e1n y la Ceremonia de Entrega de Premios a los Veteranos se celebraron en el Grupo Muta\u015f\">\n                                <\/a><!-- .elementskit-entry-thumb END -->\n                                                            \n                            \n\t\t\t\t\t\t\t\t\t\t\t\t\t<\/div><!-- .elementskit-entry-header END -->\n\n\t\t\t\t\t\t<div class=\"elementskit-post-body \">\n\t\t\t\t\t\t\t\n\t\t\t\t\t\t\t\t\t\t\t\t\t\t\t\t\t\t\t\t\t\t\t\t\t\n\t\t\t\t\t\t\t\t\n\t\t\t\t\t\t\t\t\t\t\t\t\t\t\t\t\t\t\t\t\t<h2 class=\"entry-title\">\n\t\t\t\t\t<a href=\"https:\/\/vitalmutfak.com\/es\/el-iftar-del-ramadan-y-la-ceremonia-de-entrega-de-premios-a-los-veteranos-se-celebraron-en-el-grupo-mutas\/\">\n\t\t\t\t\t\tEl Iftar del Ramad\u00e1n y la Ceremonia de Entrega de...\t\t\t\t\t<\/a>\n\t\t\t\t<\/h2>\n\t\t\t\t\t\t\t\t\t\t\t\t\t\t\t\t\t\t\t\t\t\t\t\t\t\t\t\t\t\t\t\t                                                            <div class=\"btn-wraper\">\n                                                                            <a class=\"elementskit-btn whitespace--normal\" id=\"\" href=\"https:\/\/vitalmutfak.com\/es\/el-iftar-del-ramadan-y-la-ceremonia-de-entrega-de-premios-a-los-veteranos-se-celebraron-en-el-grupo-mutas\/\">\n                                            Leer...                                                                                    <\/a>\n                                    \n                                                                    <\/div>\n                                                    <\/div><!-- .elementskit-post-body END -->\n                    <\/div>\n                \n            <\/div>\n                    <div class=\"col-lg-4 col-md-6\">\n\n                                    <div class=\"elementskit-post-image-card\">\n                        <div class=\"elementskit-entry-header\">\n                                                            <a href=\"https:\/\/vitalmutfak.com\/es\/el-grupo-mutas-se-hizo-un-hueco-en-la-feria-host-arabia-2025-con-la-marca-vital\/\" class=\"elementskit-entry-thumb\">\n                                    <img decoding=\"async\" src=\"https:\/\/vitalmutfak.com\/wp-content\/uploads\/WhatsApp-Image-2026-01-09-at-11.43.51-4-150x150.jpeg\" alt=\"EL GRUPO MUTA\u015e SE HIZO UN HUECO EN LA FERIA HOST ARABIA 2025 CON LA MARCA VITAL\">\n                                <\/a><!-- .elementskit-entry-thumb END -->\n                                                            \n                            \n\t\t\t\t\t\t\t\t\t\t\t\t\t<\/div><!-- .elementskit-entry-header END -->\n\n\t\t\t\t\t\t<div class=\"elementskit-post-body \">\n\t\t\t\t\t\t\t\n\t\t\t\t\t\t\t\t\t\t\t\t\t\t\t\t\t\t\t\t\t\t\t\t\t\n\t\t\t\t\t\t\t\t\n\t\t\t\t\t\t\t\t\t\t\t\t\t\t\t\t\t\t\t\t\t<h2 class=\"entry-title\">\n\t\t\t\t\t<a href=\"https:\/\/vitalmutfak.com\/es\/el-grupo-mutas-se-hizo-un-hueco-en-la-feria-host-arabia-2025-con-la-marca-vital\/\">\n\t\t\t\t\t\tEL GRUPO MUTA\u015e SE HIZO UN HUECO EN LA FERIA...\t\t\t\t\t<\/a>\n\t\t\t\t<\/h2>\n\t\t\t\t\t\t\t\t\t\t\t\t\t\t\t\t\t\t\t\t\t\t\t\t\t\t\t\t\t\t\t\t                                                            <div class=\"btn-wraper\">\n                                                                            <a class=\"elementskit-btn whitespace--normal\" id=\"\" href=\"https:\/\/vitalmutfak.com\/es\/el-grupo-mutas-se-hizo-un-hueco-en-la-feria-host-arabia-2025-con-la-marca-vital\/\">\n                                            Leer...                                                                                    <\/a>\n                                    \n                                                                    <\/div>\n                                                    <\/div><!-- .elementskit-post-body END -->\n                    <\/div>\n                \n            <\/div>\n                    <div class=\"col-lg-4 col-md-6\">\n\n                                    <div class=\"elementskit-post-image-card\">\n                        <div class=\"elementskit-entry-header\">\n                                                            <a href=\"https:\/\/vitalmutfak.com\/es\/el-grupo-mutas-se-hizo-un-hueco-en-la-feria-hostech-by-tusid-2025-con-su-marca-vital\/\" class=\"elementskit-entry-thumb\">\n                                    <img decoding=\"async\" src=\"https:\/\/vitalmutfak.com\/wp-content\/uploads\/IMG-20250527-WA0017-1-150x150.jpg\" alt=\"EL GRUPO MUTA\u015e SE HIZO UN HUECO EN LA FERIA HOSTECH BY TUSID 2025 CON SU MARCA VI\u0307TAL\">\n                                <\/a><!-- .elementskit-entry-thumb END -->\n                                                            \n                            \n\t\t\t\t\t\t\t\t\t\t\t\t\t<\/div><!-- .elementskit-entry-header END -->\n\n\t\t\t\t\t\t<div class=\"elementskit-post-body \">\n\t\t\t\t\t\t\t\n\t\t\t\t\t\t\t\t\t\t\t\t\t\t\t\t\t\t\t\t\t\t\t\t\t\n\t\t\t\t\t\t\t\t\n\t\t\t\t\t\t\t\t\t\t\t\t\t\t\t\t\t\t\t\t\t<h2 class=\"entry-title\">\n\t\t\t\t\t<a href=\"https:\/\/vitalmutfak.com\/es\/el-grupo-mutas-se-hizo-un-hueco-en-la-feria-hostech-by-tusid-2025-con-su-marca-vital\/\">\n\t\t\t\t\t\tEL GRUPO MUTA\u015e SE HIZO UN HUECO EN LA FERIA...\t\t\t\t\t<\/a>\n\t\t\t\t<\/h2>\n\t\t\t\t\t\t\t\t\t\t\t\t\t\t\t\t\t\t\t\t\t\t\t\t\t\t\t\t\t\t\t\t                                                            <div class=\"btn-wraper\">\n                                                                            <a class=\"elementskit-btn whitespace--normal\" id=\"\" href=\"https:\/\/vitalmutfak.com\/es\/el-grupo-mutas-se-hizo-un-hueco-en-la-feria-hostech-by-tusid-2025-con-su-marca-vital\/\">\n                                            Leer...                                                                                    <\/a>\n                                    \n                                                                    <\/div>\n                                                    <\/div><!-- .elementskit-post-body END -->\n                    <\/div>\n                \n            <\/div>\n                    <div class=\"col-lg-4 col-md-6\">\n\n                                    <div class=\"elementskit-post-image-card\">\n                        <div class=\"elementskit-entry-header\">\n                                                            <a href=\"https:\/\/vitalmutfak.com\/es\/el-grupo-mutas-reforzo-su-vision-global-en-sigep-2024-con-la-marca-vital\/\" class=\"elementskit-entry-thumb\">\n                                    <img decoding=\"async\" src=\"https:\/\/vitalmutfak.com\/wp-content\/uploads\/WhatsApp-Image-2026-01-09-at-12.55.54a-150x150.jpeg\" alt=\"El Grupo Muta\u015f reforz\u00f3 su visi\u00f3n global en SIGEP 2024 con la marca Vital\">\n                                <\/a><!-- .elementskit-entry-thumb END -->\n                                                            \n                            \n\t\t\t\t\t\t\t\t\t\t\t\t\t<\/div><!-- .elementskit-entry-header END -->\n\n\t\t\t\t\t\t<div class=\"elementskit-post-body \">\n\t\t\t\t\t\t\t\n\t\t\t\t\t\t\t\t\t\t\t\t\t\t\t\t\t\t\t\t\t\t\t\t\t\n\t\t\t\t\t\t\t\t\n\t\t\t\t\t\t\t\t\t\t\t\t\t\t\t\t\t\t\t\t\t<h2 class=\"entry-title\">\n\t\t\t\t\t<a href=\"https:\/\/vitalmutfak.com\/es\/el-grupo-mutas-reforzo-su-vision-global-en-sigep-2024-con-la-marca-vital\/\">\n\t\t\t\t\t\tEl Grupo Muta\u015f reforz\u00f3 su visi\u00f3n global en SIGEP 2024...\t\t\t\t\t<\/a>\n\t\t\t\t<\/h2>\n\t\t\t\t\t\t\t\t\t\t\t\t\t\t\t\t\t\t\t\t\t\t\t\t\t\t\t\t\t\t\t\t                                                            <div class=\"btn-wraper\">\n                                                                            <a class=\"elementskit-btn whitespace--normal\" id=\"\" href=\"https:\/\/vitalmutfak.com\/es\/el-grupo-mutas-reforzo-su-vision-global-en-sigep-2024-con-la-marca-vital\/\">\n                                            Leer...                                                                                    <\/a>\n                                    \n                                                                    <\/div>\n                                                    <\/div><!-- .elementskit-post-body END -->\n                    <\/div>\n                \n            <\/div>\n                    <div class=\"col-lg-4 col-md-6\">\n\n                                    <div class=\"elementskit-post-image-card\">\n                        <div class=\"elementskit-entry-header\">\n                                                            <a href=\"https:\/\/vitalmutfak.com\/es\/el-grupo-mutas-participo-en-la-pir-expo-2024-con-la-marca-vital\/\" class=\"elementskit-entry-thumb\">\n                                    <img decoding=\"async\" src=\"https:\/\/vitalmutfak.com\/wp-content\/uploads\/Resim16-150x150.png\" alt=\"El Grupo Muta\u015f particip\u00f3 en la PIR Expo 2024 con la marca Vital\">\n                                <\/a><!-- .elementskit-entry-thumb END -->\n                                                            \n                            \n\t\t\t\t\t\t\t\t\t\t\t\t\t<\/div><!-- .elementskit-entry-header END -->\n\n\t\t\t\t\t\t<div class=\"elementskit-post-body \">\n\t\t\t\t\t\t\t\n\t\t\t\t\t\t\t\t\t\t\t\t\t\t\t\t\t\t\t\t\t\t\t\t\t\n\t\t\t\t\t\t\t\t\n\t\t\t\t\t\t\t\t\t\t\t\t\t\t\t\t\t\t\t\t\t<h2 class=\"entry-title\">\n\t\t\t\t\t<a href=\"https:\/\/vitalmutfak.com\/es\/el-grupo-mutas-participo-en-la-pir-expo-2024-con-la-marca-vital\/\">\n\t\t\t\t\t\tEl Grupo Muta\u015f particip\u00f3 en la PIR Expo 2024 con...\t\t\t\t\t<\/a>\n\t\t\t\t<\/h2>\n\t\t\t\t\t\t\t\t\t\t\t\t\t\t\t\t\t\t\t\t\t\t\t\t\t\t\t\t\t\t\t\t                                                            <div class=\"btn-wraper\">\n                                                                            <a class=\"elementskit-btn whitespace--normal\" id=\"\" href=\"https:\/\/vitalmutfak.com\/es\/el-grupo-mutas-participo-en-la-pir-expo-2024-con-la-marca-vital\/\">\n                                            Leer...                                                                                    <\/a>\n                                    \n                                                                    <\/div>\n                                                    <\/div><!-- .elementskit-post-body END -->\n                    <\/div>\n                \n            <\/div>\n                    <div class=\"col-lg-4 col-md-6\">\n\n                                    <div class=\"elementskit-post-image-card\">\n                        <div class=\"elementskit-entry-header\">\n                                                            <a href=\"https:\/\/vitalmutfak.com\/es\/el-grupo-mutas-dio-un-fuerte-mensaje-a-los-mercados-globales-con-su-marca-vital-en-la-exposicion-de-la-asociacion-nacional-de-restaurantes-2023\/\" class=\"elementskit-entry-thumb\">\n                                    <img decoding=\"async\" src=\"https:\/\/vitalmutfak.com\/wp-content\/uploads\/WhatsApp-Image-2026-01-09-at-12.59.32-150x150.jpeg\" alt=\"El Grupo Muta\u015f dio un fuerte mensaje a los mercados globales con su Marca Vital en la Exposici\u00f3n de la Asociaci\u00f3n Nacional de Restaurantes 2023\">\n                                <\/a><!-- .elementskit-entry-thumb END -->\n                                                            \n                            \n\t\t\t\t\t\t\t\t\t\t\t\t\t<\/div><!-- .elementskit-entry-header END -->\n\n\t\t\t\t\t\t<div class=\"elementskit-post-body \">\n\t\t\t\t\t\t\t\n\t\t\t\t\t\t\t\t\t\t\t\t\t\t\t\t\t\t\t\t\t\t\t\t\t\n\t\t\t\t\t\t\t\t\n\t\t\t\t\t\t\t\t\t\t\t\t\t\t\t\t\t\t\t\t\t<h2 class=\"entry-title\">\n\t\t\t\t\t<a href=\"https:\/\/vitalmutfak.com\/es\/el-grupo-mutas-dio-un-fuerte-mensaje-a-los-mercados-globales-con-su-marca-vital-en-la-exposicion-de-la-asociacion-nacional-de-restaurantes-2023\/\">\n\t\t\t\t\t\tEl Grupo Muta\u015f dio un fuerte mensaje a los mercados...\t\t\t\t\t<\/a>\n\t\t\t\t<\/h2>\n\t\t\t\t\t\t\t\t\t\t\t\t\t\t\t\t\t\t\t\t\t\t\t\t\t\t\t\t\t\t\t\t                                                            <div class=\"btn-wraper\">\n                                                                            <a class=\"elementskit-btn whitespace--normal\" id=\"\" href=\"https:\/\/vitalmutfak.com\/es\/el-grupo-mutas-dio-un-fuerte-mensaje-a-los-mercados-globales-con-su-marca-vital-en-la-exposicion-de-la-asociacion-nacional-de-restaurantes-2023\/\">\n                                            Leer...                                                                                    <\/a>\n                                    \n                                                                    <\/div>\n                                                    <\/div><!-- .elementskit-post-body END -->\n                    <\/div>\n                \n            <\/div>\n                    <div class=\"col-lg-4 col-md-6\">\n\n                                    <div class=\"elementskit-post-image-card\">\n                        <div class=\"elementskit-entry-header\">\n                                                            <a href=\"https:\/\/vitalmutfak.com\/es\/el-grupo-mutas-participo-en-euroshop-2023-con-su-vision-corporativa-y-objetivos-globales\/\" class=\"elementskit-entry-thumb\">\n                                    <img decoding=\"async\" src=\"https:\/\/vitalmutfak.com\/wp-content\/uploads\/WhatsApp-Image-2026-01-09-at-13.01.04-1-150x150.jpeg\" alt=\"El Grupo Muta\u015f particip\u00f3 en EuroShop 2023 con su Visi\u00f3n Corporativa y Objetivos Globales\">\n                                <\/a><!-- .elementskit-entry-thumb END -->\n                                                            \n                            \n\t\t\t\t\t\t\t\t\t\t\t\t\t<\/div><!-- .elementskit-entry-header END -->\n\n\t\t\t\t\t\t<div class=\"elementskit-post-body \">\n\t\t\t\t\t\t\t\n\t\t\t\t\t\t\t\t\t\t\t\t\t\t\t\t\t\t\t\t\t\t\t\t\t\n\t\t\t\t\t\t\t\t\n\t\t\t\t\t\t\t\t\t\t\t\t\t\t\t\t\t\t\t\t\t<h2 class=\"entry-title\">\n\t\t\t\t\t<a href=\"https:\/\/vitalmutfak.com\/es\/el-grupo-mutas-participo-en-euroshop-2023-con-su-vision-corporativa-y-objetivos-globales\/\">\n\t\t\t\t\t\tEl Grupo Muta\u015f particip\u00f3 en EuroShop 2023 con su Visi\u00f3n...\t\t\t\t\t<\/a>\n\t\t\t\t<\/h2>\n\t\t\t\t\t\t\t\t\t\t\t\t\t\t\t\t\t\t\t\t\t\t\t\t\t\t\t\t\t\t\t\t                                                            <div class=\"btn-wraper\">\n                                                                            <a class=\"elementskit-btn whitespace--normal\" id=\"\" href=\"https:\/\/vitalmutfak.com\/es\/el-grupo-mutas-participo-en-euroshop-2023-con-su-vision-corporativa-y-objetivos-globales\/\">\n                                            Leer...                                                                                    <\/a>\n                                    \n                                                                    <\/div>\n                                                    <\/div><!-- .elementskit-post-body END -->\n                    <\/div>\n                \n            <\/div>\n                    <div class=\"col-lg-4 col-md-6\">\n\n                                    <div class=\"elementskit-post-image-card\">\n                        <div class=\"elementskit-entry-header\">\n                                                            <a href=\"https:\/\/vitalmutfak.com\/es\/vital-demostro-su-fuerza-en-el-mercado-estadounidense\/\" class=\"elementskit-entry-thumb\">\n                                    <img decoding=\"async\" src=\"https:\/\/vitalmutfak.com\/wp-content\/uploads\/Resim4-2-150x150.png\" alt=\"VITAL demostr\u00f3 su fuerza en el mercado estadounidense\">\n                                <\/a><!-- .elementskit-entry-thumb END -->\n                                                            \n                            \n\t\t\t\t\t\t\t\t\t\t\t\t\t<\/div><!-- .elementskit-entry-header END -->\n\n\t\t\t\t\t\t<div class=\"elementskit-post-body \">\n\t\t\t\t\t\t\t\n\t\t\t\t\t\t\t\t\t\t\t\t\t\t\t\t\t\t\t\t\t\t\t\t\t\n\t\t\t\t\t\t\t\t\n\t\t\t\t\t\t\t\t\t\t\t\t\t\t\t\t\t\t\t\t\t<h2 class=\"entry-title\">\n\t\t\t\t\t<a href=\"https:\/\/vitalmutfak.com\/es\/vital-demostro-su-fuerza-en-el-mercado-estadounidense\/\">\n\t\t\t\t\t\tVITAL demostr\u00f3 su fuerza en el mercado estadounidense\t\t\t\t\t<\/a>\n\t\t\t\t<\/h2>\n\t\t\t\t\t\t\t\t\t\t\t\t\t\t\t\t\t\t\t\t\t\t\t\t\t\t\t\t\t\t\t\t                                                            <div class=\"btn-wraper\">\n                                                                            <a class=\"elementskit-btn whitespace--normal\" id=\"\" href=\"https:\/\/vitalmutfak.com\/es\/vital-demostro-su-fuerza-en-el-mercado-estadounidense\/\">\n                                            Leer...                                                                                    <\/a>\n                                    \n                                                                    <\/div>\n                                                    <\/div><!-- .elementskit-post-body END -->\n                    <\/div>\n                \n            <\/div>\n                    <div class=\"col-lg-4 col-md-6\">\n\n                                    <div class=\"elementskit-post-image-card\">\n                        <div class=\"elementskit-entry-header\">\n                                                            <a href=\"https:\/\/vitalmutfak.com\/es\/vital-met-sector-cocina-en-antalya\/\" class=\"elementskit-entry-thumb\">\n                                    <img decoding=\"async\" src=\"https:\/\/vitalmutfak.com\/wp-content\/uploads\/Resim10-1-150x150.png\" alt=\"VITAL Met Sector Cocina en Antalya\">\n                                <\/a><!-- .elementskit-entry-thumb END -->\n                                                            \n                            \n\t\t\t\t\t\t\t\t\t\t\t\t\t<\/div><!-- .elementskit-entry-header END -->\n\n\t\t\t\t\t\t<div class=\"elementskit-post-body \">\n\t\t\t\t\t\t\t\n\t\t\t\t\t\t\t\t\t\t\t\t\t\t\t\t\t\t\t\t\t\t\t\t\t\n\t\t\t\t\t\t\t\t\n\t\t\t\t\t\t\t\t\t\t\t\t\t\t\t\t\t\t\t\t\t<h2 class=\"entry-title\">\n\t\t\t\t\t<a href=\"https:\/\/vitalmutfak.com\/es\/vital-met-sector-cocina-en-antalya\/\">\n\t\t\t\t\t\tVITAL Met Sector Cocina en Antalya\t\t\t\t\t<\/a>\n\t\t\t\t<\/h2>\n\t\t\t\t\t\t\t\t\t\t\t\t\t\t\t\t\t\t\t\t\t\t\t\t\t\t\t\t\t\t\t\t                                                            <div class=\"btn-wraper\">\n                                                                            <a class=\"elementskit-btn whitespace--normal\" id=\"\" href=\"https:\/\/vitalmutfak.com\/es\/vital-met-sector-cocina-en-antalya\/\">\n                                            Leer...                                                                                    <\/a>\n                                    \n                                                                    <\/div>\n                                                    <\/div><!-- .elementskit-post-body END -->\n                    <\/div>\n                \n            <\/div>\n                    <div class=\"col-lg-4 col-md-6\">\n\n                                    <div class=\"elementskit-post-image-card\">\n                        <div class=\"elementskit-entry-header\">\n                                                            <a href=\"https:\/\/vitalmutfak.com\/es\/el-grupo-mutas-destaco-con-su-marca-vital-en-la-feria-hostech-by-tusid-de-estambul\/\" class=\"elementskit-entry-thumb\">\n                                    <img decoding=\"async\" src=\"https:\/\/vitalmutfak.com\/wp-content\/uploads\/Resim8-2-150x150.png\" alt=\"El Grupo Muta\u015f destac\u00f3 con su Marca Vital en la Feria Hostech by TUSID de Estambul\">\n                                <\/a><!-- .elementskit-entry-thumb END -->\n                                                            \n                            \n\t\t\t\t\t\t\t\t\t\t\t\t\t<\/div><!-- .elementskit-entry-header END -->\n\n\t\t\t\t\t\t<div class=\"elementskit-post-body \">\n\t\t\t\t\t\t\t\n\t\t\t\t\t\t\t\t\t\t\t\t\t\t\t\t\t\t\t\t\t\t\t\t\t\n\t\t\t\t\t\t\t\t\n\t\t\t\t\t\t\t\t\t\t\t\t\t\t\t\t\t\t\t\t\t<h2 class=\"entry-title\">\n\t\t\t\t\t<a href=\"https:\/\/vitalmutfak.com\/es\/el-grupo-mutas-destaco-con-su-marca-vital-en-la-feria-hostech-by-tusid-de-estambul\/\">\n\t\t\t\t\t\tEl Grupo Muta\u015f destac\u00f3 con su Marca Vital en la...\t\t\t\t\t<\/a>\n\t\t\t\t<\/h2>\n\t\t\t\t\t\t\t\t\t\t\t\t\t\t\t\t\t\t\t\t\t\t\t\t\t\t\t\t\t\t\t\t                                                            <div class=\"btn-wraper\">\n                                                                            <a class=\"elementskit-btn whitespace--normal\" id=\"\" href=\"https:\/\/vitalmutfak.com\/es\/el-grupo-mutas-destaco-con-su-marca-vital-en-la-feria-hostech-by-tusid-de-estambul\/\">\n                                            Leer...                                                                                    <\/a>\n                                    \n                                                                    <\/div>\n                                                    <\/div><!-- .elementskit-post-body END -->\n                    <\/div>\n                \n            <\/div>\n                    <div class=\"col-lg-4 col-md-6\">\n\n                                    <div class=\"elementskit-post-image-card\">\n                        <div class=\"elementskit-entry-header\">\n                                                            <a href=\"https:\/\/vitalmutfak.com\/es\/una-marca-turca-en-hamburgo-vital\/\" class=\"elementskit-entry-thumb\">\n                                    <img decoding=\"async\" src=\"https:\/\/vitalmutfak.com\/wp-content\/uploads\/WhatsApp-Image-2026-01-09-at-13.04.29a-150x150.jpeg\" alt=\"Una marca turca en Hamburgo: Vital\">\n                                <\/a><!-- .elementskit-entry-thumb END -->\n                                                            \n                            \n\t\t\t\t\t\t\t\t\t\t\t\t\t<\/div><!-- .elementskit-entry-header END -->\n\n\t\t\t\t\t\t<div class=\"elementskit-post-body \">\n\t\t\t\t\t\t\t\n\t\t\t\t\t\t\t\t\t\t\t\t\t\t\t\t\t\t\t\t\t\t\t\t\t\n\t\t\t\t\t\t\t\t\n\t\t\t\t\t\t\t\t\t\t\t\t\t\t\t\t\t\t\t\t\t<h2 class=\"entry-title\">\n\t\t\t\t\t<a href=\"https:\/\/vitalmutfak.com\/es\/una-marca-turca-en-hamburgo-vital\/\">\n\t\t\t\t\t\tUna marca turca en Hamburgo: Vital\t\t\t\t\t<\/a>\n\t\t\t\t<\/h2>\n\t\t\t\t\t\t\t\t\t\t\t\t\t\t\t\t\t\t\t\t\t\t\t\t\t\t\t\t\t\t\t\t                                                            <div class=\"btn-wraper\">\n                                                                            <a class=\"elementskit-btn whitespace--normal\" id=\"\" href=\"https:\/\/vitalmutfak.com\/es\/una-marca-turca-en-hamburgo-vital\/\">\n                                            Leer...                                                                                    <\/a>\n                                    \n                                                                    <\/div>\n                                                    <\/div><!-- .elementskit-post-body END -->\n                    <\/div>\n                \n            <\/div>\n                    <div class=\"col-lg-4 col-md-6\">\n\n                                    <div class=\"elementskit-post-image-card\">\n                        <div class=\"elementskit-entry-header\">\n                                                            <a href=\"https:\/\/vitalmutfak.com\/es\/cooperacion-entre-gastroinox-y-vital-en-moscu\/\" class=\"elementskit-entry-thumb\">\n                                    <img decoding=\"async\" src=\"https:\/\/vitalmutfak.com\/wp-content\/uploads\/Resim8-150x150.png\" alt=\"Cooperaci\u00f3n entre GASTROINOX y VITAL en Mosc\u00fa\">\n                                <\/a><!-- .elementskit-entry-thumb END -->\n                                                            \n                            \n\t\t\t\t\t\t\t\t\t\t\t\t\t<\/div><!-- .elementskit-entry-header END -->\n\n\t\t\t\t\t\t<div class=\"elementskit-post-body \">\n\t\t\t\t\t\t\t\n\t\t\t\t\t\t\t\t\t\t\t\t\t\t\t\t\t\t\t\t\t\t\t\t\t\n\t\t\t\t\t\t\t\t\n\t\t\t\t\t\t\t\t\t\t\t\t\t\t\t\t\t\t\t\t\t<h2 class=\"entry-title\">\n\t\t\t\t\t<a href=\"https:\/\/vitalmutfak.com\/es\/cooperacion-entre-gastroinox-y-vital-en-moscu\/\">\n\t\t\t\t\t\tCooperaci\u00f3n entre GASTROINOX y VITAL en Mosc\u00fa\t\t\t\t\t<\/a>\n\t\t\t\t<\/h2>\n\t\t\t\t\t\t\t\t\t\t\t\t\t\t\t\t\t\t\t\t\t\t\t\t\t\t\t\t\t\t\t\t                                                            <div class=\"btn-wraper\">\n                                                                            <a class=\"elementskit-btn whitespace--normal\" id=\"\" href=\"https:\/\/vitalmutfak.com\/es\/cooperacion-entre-gastroinox-y-vital-en-moscu\/\">\n                                            Leer...                                                                                    <\/a>\n                                    \n                                                                    <\/div>\n                                                    <\/div><!-- .elementskit-post-body END -->\n                    <\/div>\n                \n            <\/div>\n                    <div class=\"col-lg-4 col-md-6\">\n\n                                    <div class=\"elementskit-post-image-card\">\n                        <div class=\"elementskit-entry-header\">\n                                                            <a href=\"https:\/\/vitalmutfak.com\/es\/inauguracion-del-centro-de-educacion-publica-polatli-en-cooperacion-con-acnur-y-mutas-grupo-a-s\/\" class=\"elementskit-entry-thumb\">\n                                    <img decoding=\"async\" src=\"https:\/\/vitalmutfak.com\/wp-content\/uploads\/Resim2-150x150.png\" alt=\"Inauguraci\u00f3n del Centro de Educaci\u00f3n P\u00fablica Polatl\u0131 en cooperaci\u00f3n con ACNUR y MUTA\u015e Grupo A.\u015e.\">\n                                <\/a><!-- .elementskit-entry-thumb END -->\n                                                            \n                            \n\t\t\t\t\t\t\t\t\t\t\t\t\t<\/div><!-- .elementskit-entry-header END -->\n\n\t\t\t\t\t\t<div class=\"elementskit-post-body \">\n\t\t\t\t\t\t\t\n\t\t\t\t\t\t\t\t\t\t\t\t\t\t\t\t\t\t\t\t\t\t\t\t\t\n\t\t\t\t\t\t\t\t\n\t\t\t\t\t\t\t\t\t\t\t\t\t\t\t\t\t\t\t\t\t<h2 class=\"entry-title\">\n\t\t\t\t\t<a href=\"https:\/\/vitalmutfak.com\/es\/inauguracion-del-centro-de-educacion-publica-polatli-en-cooperacion-con-acnur-y-mutas-grupo-a-s\/\">\n\t\t\t\t\t\tInauguraci\u00f3n del Centro de Educaci\u00f3n P\u00fablica Polatl\u0131 en cooperaci\u00f3n con...\t\t\t\t\t<\/a>\n\t\t\t\t<\/h2>\n\t\t\t\t\t\t\t\t\t\t\t\t\t\t\t\t\t\t\t\t\t\t\t\t\t\t\t\t\t\t\t\t                                                            <div class=\"btn-wraper\">\n                                                                            <a class=\"elementskit-btn whitespace--normal\" id=\"\" href=\"https:\/\/vitalmutfak.com\/es\/inauguracion-del-centro-de-educacion-publica-polatli-en-cooperacion-con-acnur-y-mutas-grupo-a-s\/\">\n                                            Leer...                                                                                    <\/a>\n                                    \n                                                                    <\/div>\n                                                    <\/div><!-- .elementskit-post-body END -->\n                    <\/div>\n                \n            <\/div>\n                    <div class=\"col-lg-4 col-md-6\">\n\n                                    <div class=\"elementskit-post-image-card\">\n                        <div class=\"elementskit-entry-header\">\n                                                            <a href=\"https:\/\/vitalmutfak.com\/es\/acogida-milan\/\" class=\"elementskit-entry-thumb\">\n                                    <img decoding=\"async\" src=\"https:\/\/vitalmutfak.com\/wp-content\/uploads\/WhatsApp-Image-2026-01-09-at-12.28.37v-150x150.jpeg\" alt=\"Acogida Mil\u00e1n\">\n                                <\/a><!-- .elementskit-entry-thumb END -->\n                                                            \n                            \n\t\t\t\t\t\t\t\t\t\t\t\t\t<\/div><!-- .elementskit-entry-header END -->\n\n\t\t\t\t\t\t<div class=\"elementskit-post-body \">\n\t\t\t\t\t\t\t\n\t\t\t\t\t\t\t\t\t\t\t\t\t\t\t\t\t\t\t\t\t\t\t\t\t\n\t\t\t\t\t\t\t\t\n\t\t\t\t\t\t\t\t\t\t\t\t\t\t\t\t\t\t\t\t\t<h2 class=\"entry-title\">\n\t\t\t\t\t<a href=\"https:\/\/vitalmutfak.com\/es\/acogida-milan\/\">\n\t\t\t\t\t\tAcogida Mil\u00e1n\t\t\t\t\t<\/a>\n\t\t\t\t<\/h2>\n\t\t\t\t\t\t\t\t\t\t\t\t\t\t\t\t\t\t\t\t\t\t\t\t\t\t\t\t\t\t\t\t                                                            <div class=\"btn-wraper\">\n                                                                            <a class=\"elementskit-btn whitespace--normal\" id=\"\" href=\"https:\/\/vitalmutfak.com\/es\/acogida-milan\/\">\n                                            Leer...                                                                                    <\/a>\n                                    \n                                                                    <\/div>\n                                                    <\/div><!-- .elementskit-post-body END -->\n                    <\/div>\n                \n            <\/div>\n                    <div class=\"col-lg-4 col-md-6\">\n\n                                    <div class=\"elementskit-post-image-card\">\n                        <div class=\"elementskit-entry-header\">\n                                                            <a href=\"https:\/\/vitalmutfak.com\/es\/hostech-by-tusid-estambul-2021-escaparate-de-la-fuerza-sectorial-del-grupo-mutas-y-vital-mutfak\/\" class=\"elementskit-entry-thumb\">\n                                    <img decoding=\"async\" src=\"https:\/\/vitalmutfak.com\/wp-content\/uploads\/WhatsApp-Image-2026-01-12-at-15.20.27-2-150x150.jpeg\" alt=\"Hostech by TUSID Estambul 2021: escaparate de la fuerza sectorial del Grupo Muta\u015f y Vital Mutfak\">\n                                <\/a><!-- .elementskit-entry-thumb END -->\n                                                            \n                            \n\t\t\t\t\t\t\t\t\t\t\t\t\t<\/div><!-- .elementskit-entry-header END -->\n\n\t\t\t\t\t\t<div class=\"elementskit-post-body \">\n\t\t\t\t\t\t\t\n\t\t\t\t\t\t\t\t\t\t\t\t\t\t\t\t\t\t\t\t\t\t\t\t\t\n\t\t\t\t\t\t\t\t\n\t\t\t\t\t\t\t\t\t\t\t\t\t\t\t\t\t\t\t\t\t<h2 class=\"entry-title\">\n\t\t\t\t\t<a href=\"https:\/\/vitalmutfak.com\/es\/hostech-by-tusid-estambul-2021-escaparate-de-la-fuerza-sectorial-del-grupo-mutas-y-vital-mutfak\/\">\n\t\t\t\t\t\tHostech by TUSID Estambul 2021: escaparate de la fuerza sectorial...\t\t\t\t\t<\/a>\n\t\t\t\t<\/h2>\n\t\t\t\t\t\t\t\t\t\t\t\t\t\t\t\t\t\t\t\t\t\t\t\t\t\t\t\t\t\t\t\t                                                            <div class=\"btn-wraper\">\n                                                                            <a class=\"elementskit-btn whitespace--normal\" id=\"\" href=\"https:\/\/vitalmutfak.com\/es\/hostech-by-tusid-estambul-2021-escaparate-de-la-fuerza-sectorial-del-grupo-mutas-y-vital-mutfak\/\">\n                                            Leer...                                                                                    <\/a>\n                                    \n                                                                    <\/div>\n                                                    <\/div><!-- .elementskit-post-body END -->\n                    <\/div>\n                \n            <\/div>\n                    <div class=\"col-lg-4 col-md-6\">\n\n                                    <div class=\"elementskit-post-image-card\">\n                        <div class=\"elementskit-entry-header\">\n                                                            <a href=\"https:\/\/vitalmutfak.com\/es\/el-grupo-mutas-reforzo-su-estructura-de-servicios-con-la-reunion-de-cocina-vital\/\" class=\"elementskit-entry-thumb\">\n                                    <img decoding=\"async\" src=\"https:\/\/vitalmutfak.com\/wp-content\/uploads\/IMG-20251125-WA0004-150x150.jpg\" alt=\"El Grupo Muta\u015f reforz\u00f3 su estructura de servicios con la Reuni\u00f3n de Cocina Vital\">\n                                <\/a><!-- .elementskit-entry-thumb END -->\n                                                            \n                            \n\t\t\t\t\t\t\t\t\t\t\t\t\t<\/div><!-- .elementskit-entry-header END -->\n\n\t\t\t\t\t\t<div class=\"elementskit-post-body \">\n\t\t\t\t\t\t\t\n\t\t\t\t\t\t\t\t\t\t\t\t\t\t\t\t\t\t\t\t\t\t\t\t\t\n\t\t\t\t\t\t\t\t\n\t\t\t\t\t\t\t\t\t\t\t\t\t\t\t\t\t\t\t\t\t<h2 class=\"entry-title\">\n\t\t\t\t\t<a href=\"https:\/\/vitalmutfak.com\/es\/el-grupo-mutas-reforzo-su-estructura-de-servicios-con-la-reunion-de-cocina-vital\/\">\n\t\t\t\t\t\tEl Grupo Muta\u015f reforz\u00f3 su estructura de servicios con la...\t\t\t\t\t<\/a>\n\t\t\t\t<\/h2>\n\t\t\t\t\t\t\t\t\t\t\t\t\t\t\t\t\t\t\t\t\t\t\t\t\t\t\t\t\t\t\t\t                                                            <div class=\"btn-wraper\">\n                                                                            <a class=\"elementskit-btn whitespace--normal\" id=\"\" href=\"https:\/\/vitalmutfak.com\/es\/el-grupo-mutas-reforzo-su-estructura-de-servicios-con-la-reunion-de-cocina-vital\/\">\n                                            Leer...                                                                                    <\/a>\n                                    \n                                                                    <\/div>\n                                                    <\/div><!-- .elementskit-post-body END -->\n                    <\/div>\n                \n            <\/div>\n                    <div class=\"col-lg-4 col-md-6\">\n\n                                    <div class=\"elementskit-post-image-card\">\n                        <div class=\"elementskit-entry-header\">\n                                                            <a href=\"https:\/\/vitalmutfak.com\/es\/el-grupo-mutas-acogio-a-servicios-autorizados-de-toda-turquia-en-el-evento-vital-kitchen\/\" class=\"elementskit-entry-thumb\">\n                                    <img decoding=\"async\" src=\"https:\/\/vitalmutfak.com\/wp-content\/uploads\/IMG-20251117-WA0008-150x150.png\" alt=\"El Grupo Muta\u015f acogi\u00f3 a servicios autorizados de toda Turqu\u00eda en el evento Vital Kitchen\">\n                                <\/a><!-- .elementskit-entry-thumb END -->\n                                                            \n                            \n\t\t\t\t\t\t\t\t\t\t\t\t\t<\/div><!-- .elementskit-entry-header END -->\n\n\t\t\t\t\t\t<div class=\"elementskit-post-body \">\n\t\t\t\t\t\t\t\n\t\t\t\t\t\t\t\t\t\t\t\t\t\t\t\t\t\t\t\t\t\t\t\t\t\n\t\t\t\t\t\t\t\t\n\t\t\t\t\t\t\t\t\t\t\t\t\t\t\t\t\t\t\t\t\t<h2 class=\"entry-title\">\n\t\t\t\t\t<a href=\"https:\/\/vitalmutfak.com\/es\/el-grupo-mutas-acogio-a-servicios-autorizados-de-toda-turquia-en-el-evento-vital-kitchen\/\">\n\t\t\t\t\t\tEl Grupo Muta\u015f acogi\u00f3 a servicios autorizados de toda Turqu\u00eda...\t\t\t\t\t<\/a>\n\t\t\t\t<\/h2>\n\t\t\t\t\t\t\t\t\t\t\t\t\t\t\t\t\t\t\t\t\t\t\t\t\t\t\t\t\t\t\t\t                                                            <div class=\"btn-wraper\">\n                                                                            <a class=\"elementskit-btn whitespace--normal\" id=\"\" href=\"https:\/\/vitalmutfak.com\/es\/el-grupo-mutas-acogio-a-servicios-autorizados-de-toda-turquia-en-el-evento-vital-kitchen\/\">\n                                            Leer...                                                                                    <\/a>\n                                    \n                                                                    <\/div>\n                                                    <\/div><!-- .elementskit-post-body END -->\n                    <\/div>\n                \n            <\/div>\n                    <div class=\"col-lg-4 col-md-6\">\n\n                                    <div class=\"elementskit-post-image-card\">\n                        <div class=\"elementskit-entry-header\">\n                                                            <a href=\"https:\/\/vitalmutfak.com\/es\/acoger-milano-2025\/\" class=\"elementskit-entry-thumb\">\n                                    <img decoding=\"async\" src=\"https:\/\/vitalmutfak.com\/wp-content\/uploads\/IMG-20251017-WA0013-150x150.jpg\" alt=\"Acoger Milano 2025\">\n                                <\/a><!-- .elementskit-entry-thumb END -->\n                                                            \n                            \n\t\t\t\t\t\t\t\t\t\t\t\t\t<\/div><!-- .elementskit-entry-header END -->\n\n\t\t\t\t\t\t<div class=\"elementskit-post-body \">\n\t\t\t\t\t\t\t\n\t\t\t\t\t\t\t\t\t\t\t\t\t\t\t\t\t\t\t\t\t\t\t\t\t\n\t\t\t\t\t\t\t\t\n\t\t\t\t\t\t\t\t\t\t\t\t\t\t\t\t\t\t\t\t\t<h2 class=\"entry-title\">\n\t\t\t\t\t<a href=\"https:\/\/vitalmutfak.com\/es\/acoger-milano-2025\/\">\n\t\t\t\t\t\tAcoger Milano 2025\t\t\t\t\t<\/a>\n\t\t\t\t<\/h2>\n\t\t\t\t\t\t\t\t\t\t\t\t\t\t\t\t\t\t\t\t\t\t\t\t\t\t\t\t\t\t\t\t                                                            <div class=\"btn-wraper\">\n                                                                            <a class=\"elementskit-btn whitespace--normal\" id=\"\" href=\"https:\/\/vitalmutfak.com\/es\/acoger-milano-2025\/\">\n                                            Leer...                                                                                    <\/a>\n                                    \n                                                                    <\/div>\n                                                    <\/div><!-- .elementskit-post-body END -->\n                    <\/div>\n                \n            <\/div>\n                    <div class=\"col-lg-4 col-md-6\">\n\n                                    <div class=\"elementskit-post-image-card\">\n                        <div class=\"elementskit-entry-header\">\n                                                            <a href=\"https:\/\/vitalmutfak.com\/es\/hostech-by-tusid-estambul-2025\/\" class=\"elementskit-entry-thumb\">\n                                    <img decoding=\"async\" src=\"https:\/\/vitalmutfak.com\/wp-content\/uploads\/IMG-20250527-WA0017-150x150.jpg\" alt=\"Hostech By TUSID Estambul 2025\">\n                                <\/a><!-- .elementskit-entry-thumb END -->\n                                                            \n                            \n\t\t\t\t\t\t\t\t\t\t\t\t\t<\/div><!-- .elementskit-entry-header END -->\n\n\t\t\t\t\t\t<div class=\"elementskit-post-body \">\n\t\t\t\t\t\t\t\n\t\t\t\t\t\t\t\t\t\t\t\t\t\t\t\t\t\t\t\t\t\t\t\t\t\n\t\t\t\t\t\t\t\t\n\t\t\t\t\t\t\t\t\t\t\t\t\t\t\t\t\t\t\t\t\t<h2 class=\"entry-title\">\n\t\t\t\t\t<a href=\"https:\/\/vitalmutfak.com\/es\/hostech-by-tusid-estambul-2025\/\">\n\t\t\t\t\t\tHostech By TUSID Estambul 2025\t\t\t\t\t<\/a>\n\t\t\t\t<\/h2>\n\t\t\t\t\t\t\t\t\t\t\t\t\t\t\t\t\t\t\t\t\t\t\t\t\t\t\t\t\t\t\t\t                                                            <div class=\"btn-wraper\">\n                                                                            <a class=\"elementskit-btn whitespace--normal\" id=\"\" href=\"https:\/\/vitalmutfak.com\/es\/hostech-by-tusid-estambul-2025\/\">\n                                            Leer...                                                                                    <\/a>\n                                    \n                                                                    <\/div>\n                                                    <\/div><!-- .elementskit-post-body END -->\n                    <\/div>\n                \n            <\/div>\n                    <div class=\"col-lg-4 col-md-6\">\n\n                                    <div class=\"elementskit-post-image-card\">\n                        <div class=\"elementskit-entry-header\">\n                                                            <a href=\"https:\/\/vitalmutfak.com\/es\/hostech-by-tusid-estambul-2023\/\" class=\"elementskit-entry-thumb\">\n                                    <img decoding=\"async\" src=\"https:\/\/vitalmutfak.com\/wp-content\/uploads\/07_Resim7-150x150.jpeg\" alt=\"Hostech by TUSID Estambul 2023\">\n                                <\/a><!-- .elementskit-entry-thumb END -->\n                                                            \n                            \n\t\t\t\t\t\t\t\t\t\t\t\t\t<\/div><!-- .elementskit-entry-header END -->\n\n\t\t\t\t\t\t<div class=\"elementskit-post-body \">\n\t\t\t\t\t\t\t\n\t\t\t\t\t\t\t\t\t\t\t\t\t\t\t\t\t\t\t\t\t\t\t\t\t\n\t\t\t\t\t\t\t\t\n\t\t\t\t\t\t\t\t\t\t\t\t\t\t\t\t\t\t\t\t\t<h2 class=\"entry-title\">\n\t\t\t\t\t<a href=\"https:\/\/vitalmutfak.com\/es\/hostech-by-tusid-estambul-2023\/\">\n\t\t\t\t\t\tHostech by TUSID Estambul 2023\t\t\t\t\t<\/a>\n\t\t\t\t<\/h2>\n\t\t\t\t\t\t\t\t\t\t\t\t\t\t\t\t\t\t\t\t\t\t\t\t\t\t\t\t\t\t\t\t                                                            <div class=\"btn-wraper\">\n                                                                            <a class=\"elementskit-btn whitespace--normal\" id=\"\" href=\"https:\/\/vitalmutfak.com\/es\/hostech-by-tusid-estambul-2023\/\">\n                                            Leer...                                                                                    <\/a>\n                                    \n                                                                    <\/div>\n                                                    <\/div><!-- .elementskit-post-body END -->\n                    <\/div>\n                \n            <\/div>\n                    <div class=\"col-lg-4 col-md-6\">\n\n                                    <div class=\"elementskit-post-image-card\">\n                        <div class=\"elementskit-entry-header\">\n                                                            <a href=\"https:\/\/vitalmutfak.com\/es\/reunion-del-gran-sector-tusid-antalya\/\" class=\"elementskit-entry-thumb\">\n                                    <img decoding=\"async\" src=\"https:\/\/vitalmutfak.com\/wp-content\/uploads\/04_Resim11-150x150.jpeg\" alt=\"Reuni\u00f3n del Gran Sector TUSID Antalya\">\n                                <\/a><!-- .elementskit-entry-thumb END -->\n                                                            \n                            \n\t\t\t\t\t\t\t\t\t\t\t\t\t<\/div><!-- .elementskit-entry-header END -->\n\n\t\t\t\t\t\t<div class=\"elementskit-post-body \">\n\t\t\t\t\t\t\t\n\t\t\t\t\t\t\t\t\t\t\t\t\t\t\t\t\t\t\t\t\t\t\t\t\t\n\t\t\t\t\t\t\t\t\n\t\t\t\t\t\t\t\t\t\t\t\t\t\t\t\t\t\t\t\t\t<h2 class=\"entry-title\">\n\t\t\t\t\t<a href=\"https:\/\/vitalmutfak.com\/es\/reunion-del-gran-sector-tusid-antalya\/\">\n\t\t\t\t\t\tReuni\u00f3n del Gran Sector TUSID Antalya\t\t\t\t\t<\/a>\n\t\t\t\t<\/h2>\n\t\t\t\t\t\t\t\t\t\t\t\t\t\t\t\t\t\t\t\t\t\t\t\t\t\t\t\t\t\t\t\t                                                            <div class=\"btn-wraper\">\n                                                                            <a class=\"elementskit-btn whitespace--normal\" id=\"\" href=\"https:\/\/vitalmutfak.com\/es\/reunion-del-gran-sector-tusid-antalya\/\">\n                                            Leer...                                                                                    <\/a>\n                                    \n                                                                    <\/div>\n                                                    <\/div><!-- .elementskit-post-body END -->\n                    <\/div>\n                \n            <\/div>\n                    <div class=\"col-lg-4 col-md-6\">\n\n                                    <div class=\"elementskit-post-image-card\">\n                        <div class=\"elementskit-entry-header\">\n                                                            <a href=\"https:\/\/vitalmutfak.com\/es\/el-salon-nafem-2023\/\" class=\"elementskit-entry-thumb\">\n                                    <img decoding=\"async\" src=\"https:\/\/vitalmutfak.com\/wp-content\/uploads\/06_Resim4-150x150.jpeg\" alt=\"El Sal\u00f3n NAFEM 2023\">\n                                <\/a><!-- .elementskit-entry-thumb END -->\n                                                            \n                            \n\t\t\t\t\t\t\t\t\t\t\t\t\t<\/div><!-- .elementskit-entry-header END -->\n\n\t\t\t\t\t\t<div class=\"elementskit-post-body \">\n\t\t\t\t\t\t\t\n\t\t\t\t\t\t\t\t\t\t\t\t\t\t\t\t\t\t\t\t\t\t\t\t\t\n\t\t\t\t\t\t\t\t\n\t\t\t\t\t\t\t\t\t\t\t\t\t\t\t\t\t\t\t\t\t<h2 class=\"entry-title\">\n\t\t\t\t\t<a href=\"https:\/\/vitalmutfak.com\/es\/el-salon-nafem-2023\/\">\n\t\t\t\t\t\tEl Sal\u00f3n NAFEM 2023\t\t\t\t\t<\/a>\n\t\t\t\t<\/h2>\n\t\t\t\t\t\t\t\t\t\t\t\t\t\t\t\t\t\t\t\t\t\t\t\t\t\t\t\t\t\t\t\t                                                            <div class=\"btn-wraper\">\n                                                                            <a class=\"elementskit-btn whitespace--normal\" id=\"\" href=\"https:\/\/vitalmutfak.com\/es\/el-salon-nafem-2023\/\">\n                                            Leer...                                                                                    <\/a>\n                                    \n                                                                    <\/div>\n                                                    <\/div><!-- .elementskit-post-body END -->\n                    <\/div>\n                \n            <\/div>\n                    <div class=\"col-lg-4 col-md-6\">\n\n                                    <div class=\"elementskit-post-image-card\">\n                        <div class=\"elementskit-entry-header\">\n                                                            <a href=\"https:\/\/vitalmutfak.com\/es\/acnur-alto-comisionado-de-las-naciones-unidas-para-los-refugiados\/\" class=\"elementskit-entry-thumb\">\n                                    <img decoding=\"async\" src=\"https:\/\/vitalmutfak.com\/wp-content\/uploads\/02_Resim1-150x150.jpeg\" alt=\"ACNUR (Alto Comisionado de las Naciones Unidas para los Refugiados)\">\n                                <\/a><!-- .elementskit-entry-thumb END -->\n                                                            \n                            \n\t\t\t\t\t\t\t\t\t\t\t\t\t<\/div><!-- .elementskit-entry-header END -->\n\n\t\t\t\t\t\t<div class=\"elementskit-post-body \">\n\t\t\t\t\t\t\t\n\t\t\t\t\t\t\t\t\t\t\t\t\t\t\t\t\t\t\t\t\t\t\t\t\t\n\t\t\t\t\t\t\t\t\n\t\t\t\t\t\t\t\t\t\t\t\t\t\t\t\t\t\t\t\t\t<h2 class=\"entry-title\">\n\t\t\t\t\t<a href=\"https:\/\/vitalmutfak.com\/es\/acnur-alto-comisionado-de-las-naciones-unidas-para-los-refugiados\/\">\n\t\t\t\t\t\tACNUR (Alto Comisionado de las Naciones Unidas para los Refugiados)\t\t\t\t\t<\/a>\n\t\t\t\t<\/h2>\n\t\t\t\t\t\t\t\t\t\t\t\t\t\t\t\t\t\t\t\t\t\t\t\t\t\t\t\t\t\t\t\t                                                            <div class=\"btn-wraper\">\n                                                                            <a class=\"elementskit-btn whitespace--normal\" id=\"\" href=\"https:\/\/vitalmutfak.com\/es\/acnur-alto-comisionado-de-las-naciones-unidas-para-los-refugiados\/\">\n                                            Leer...                                                                                    <\/a>\n                                    \n                                                                    <\/div>\n                                                    <\/div><!-- .elementskit-post-body END -->\n                    <\/div>\n                \n            <\/div>\n                    <div class=\"col-lg-4 col-md-6\">\n\n                                    <div class=\"elementskit-post-image-card\">\n                        <div class=\"elementskit-entry-header\">\n                                                            <a href=\"https:\/\/vitalmutfak.com\/es\/evento-3-de-vital-gourmet\/\" class=\"elementskit-entry-thumb\">\n                                    <img decoding=\"async\" src=\"https:\/\/vitalmutfak.com\/wp-content\/uploads\/11_Resim20-150x150.jpeg\" alt=\"Evento 3 de Vital Gourmet\">\n                                <\/a><!-- .elementskit-entry-thumb END -->\n                                                            \n                            \n\t\t\t\t\t\t\t\t\t\t\t\t\t<\/div><!-- .elementskit-entry-header END -->\n\n\t\t\t\t\t\t<div class=\"elementskit-post-body \">\n\t\t\t\t\t\t\t\n\t\t\t\t\t\t\t\t\t\t\t\t\t\t\t\t\t\t\t\t\t\t\t\t\t\n\t\t\t\t\t\t\t\t\n\t\t\t\t\t\t\t\t\t\t\t\t\t\t\t\t\t\t\t\t\t<h2 class=\"entry-title\">\n\t\t\t\t\t<a href=\"https:\/\/vitalmutfak.com\/es\/evento-3-de-vital-gourmet\/\">\n\t\t\t\t\t\tEvento 3 de Vital Gourmet\t\t\t\t\t<\/a>\n\t\t\t\t<\/h2>\n\t\t\t\t\t\t\t\t\t\t\t\t\t\t\t\t\t\t\t\t\t\t\t\t\t\t\t\t\t\t\t\t                                                            <div class=\"btn-wraper\">\n                                                                            <a class=\"elementskit-btn whitespace--normal\" id=\"\" href=\"https:\/\/vitalmutfak.com\/es\/evento-3-de-vital-gourmet\/\">\n                                            Leer...                                                                                    <\/a>\n                                    \n                                                                    <\/div>\n                                                    <\/div><!-- .elementskit-post-body END -->\n                    <\/div>\n                \n            <\/div>\n                    <div class=\"col-lg-4 col-md-6\">\n\n                                    <div class=\"elementskit-post-image-card\">\n                        <div class=\"elementskit-entry-header\">\n                                                            <a href=\"https:\/\/vitalmutfak.com\/es\/evento-vital-gourmet-5\/\" class=\"elementskit-entry-thumb\">\n                                    <img decoding=\"async\" src=\"https:\/\/vitalmutfak.com\/wp-content\/uploads\/13_Resim27-150x150.jpeg\" alt=\"Evento Vital Gourmet 5\">\n                                <\/a><!-- .elementskit-entry-thumb END -->\n                                                            \n                            \n\t\t\t\t\t\t\t\t\t\t\t\t\t<\/div><!-- .elementskit-entry-header END -->\n\n\t\t\t\t\t\t<div class=\"elementskit-post-body \">\n\t\t\t\t\t\t\t\n\t\t\t\t\t\t\t\t\t\t\t\t\t\t\t\t\t\t\t\t\t\t\t\t\t\n\t\t\t\t\t\t\t\t\n\t\t\t\t\t\t\t\t\t\t\t\t\t\t\t\t\t\t\t\t\t<h2 class=\"entry-title\">\n\t\t\t\t\t<a href=\"https:\/\/vitalmutfak.com\/es\/evento-vital-gourmet-5\/\">\n\t\t\t\t\t\tEvento Vital Gourmet 5\t\t\t\t\t<\/a>\n\t\t\t\t<\/h2>\n\t\t\t\t\t\t\t\t\t\t\t\t\t\t\t\t\t\t\t\t\t\t\t\t\t\t\t\t\t\t\t\t                                                            <div class=\"btn-wraper\">\n                                                                            <a class=\"elementskit-btn whitespace--normal\" id=\"\" href=\"https:\/\/vitalmutfak.com\/es\/evento-vital-gourmet-5\/\">\n                                            Leer...                                                                                    <\/a>\n                                    \n                                                                    <\/div>\n                                                    <\/div><!-- .elementskit-post-body END -->\n                    <\/div>\n                \n            <\/div>\n                    <div class=\"col-lg-4 col-md-6\">\n\n                                    <div class=\"elementskit-post-image-card\">\n                        <div class=\"elementskit-entry-header\">\n                                                            <a href=\"https:\/\/vitalmutfak.com\/es\/pirexpo-2023\/\" class=\"elementskit-entry-thumb\">\n                                    <img decoding=\"async\" src=\"https:\/\/vitalmutfak.com\/wp-content\/uploads\/09_Resim15-150x150.jpeg\" alt=\"PIREXPO 2023\">\n                                <\/a><!-- .elementskit-entry-thumb END -->\n                                                            \n                            \n\t\t\t\t\t\t\t\t\t\t\t\t\t<\/div><!-- .elementskit-entry-header END -->\n\n\t\t\t\t\t\t<div class=\"elementskit-post-body \">\n\t\t\t\t\t\t\t\n\t\t\t\t\t\t\t\t\t\t\t\t\t\t\t\t\t\t\t\t\t\t\t\t\t\n\t\t\t\t\t\t\t\t\n\t\t\t\t\t\t\t\t\t\t\t\t\t\t\t\t\t\t\t\t\t<h2 class=\"entry-title\">\n\t\t\t\t\t<a href=\"https:\/\/vitalmutfak.com\/es\/pirexpo-2023\/\">\n\t\t\t\t\t\tPIREXPO 2023\t\t\t\t\t<\/a>\n\t\t\t\t<\/h2>\n\t\t\t\t\t\t\t\t\t\t\t\t\t\t\t\t\t\t\t\t\t\t\t\t\t\t\t\t\t\t\t\t                                                            <div class=\"btn-wraper\">\n                                                                            <a class=\"elementskit-btn whitespace--normal\" id=\"\" href=\"https:\/\/vitalmutfak.com\/es\/pirexpo-2023\/\">\n                                            Leer...                                                                                    <\/a>\n                                    \n                                                                    <\/div>\n                                                    <\/div><!-- .elementskit-post-body END -->\n                    <\/div>\n                \n            <\/div>\n                    <div class=\"col-lg-4 col-md-6\">\n\n                                    <div class=\"elementskit-post-image-card\">\n                        <div class=\"elementskit-entry-header\">\n                                                            <a href=\"https:\/\/vitalmutfak.com\/es\/evento-4-de-vital-gourmet\/\" class=\"elementskit-entry-thumb\">\n                                    <img decoding=\"async\" src=\"https:\/\/vitalmutfak.com\/wp-content\/uploads\/12_Resim24-150x150.jpeg\" alt=\"Evento 4 de Vital Gourmet\">\n                                <\/a><!-- .elementskit-entry-thumb END -->\n                                                            \n                            \n\t\t\t\t\t\t\t\t\t\t\t\t\t<\/div><!-- .elementskit-entry-header END -->\n\n\t\t\t\t\t\t<div class=\"elementskit-post-body \">\n\t\t\t\t\t\t\t\n\t\t\t\t\t\t\t\t\t\t\t\t\t\t\t\t\t\t\t\t\t\t\t\t\t\n\t\t\t\t\t\t\t\t\n\t\t\t\t\t\t\t\t\t\t\t\t\t\t\t\t\t\t\t\t\t<h2 class=\"entry-title\">\n\t\t\t\t\t<a href=\"https:\/\/vitalmutfak.com\/es\/evento-4-de-vital-gourmet\/\">\n\t\t\t\t\t\tEvento 4 de Vital Gourmet\t\t\t\t\t<\/a>\n\t\t\t\t<\/h2>\n\t\t\t\t\t\t\t\t\t\t\t\t\t\t\t\t\t\t\t\t\t\t\t\t\t\t\t\t\t\t\t\t                                                            <div class=\"btn-wraper\">\n                                                                            <a class=\"elementskit-btn whitespace--normal\" id=\"\" href=\"https:\/\/vitalmutfak.com\/es\/evento-4-de-vital-gourmet\/\">\n                                            Leer...                                                                                    <\/a>\n                                    \n                                                                    <\/div>\n                                                    <\/div><!-- .elementskit-post-body END -->\n                    <\/div>\n                \n            <\/div>\n                    <div class=\"col-lg-4 col-md-6\">\n\n                                    <div class=\"elementskit-post-image-card\">\n                        <div class=\"elementskit-entry-header\">\n                                                            <a href=\"https:\/\/vitalmutfak.com\/es\/evento-2-de-vital-gourmet\/\" class=\"elementskit-entry-thumb\">\n                                    <img decoding=\"async\" src=\"https:\/\/vitalmutfak.com\/wp-content\/uploads\/10_Resim17-150x150.jpeg\" alt=\"Evento 2 de Vital Gourmet\">\n                                <\/a><!-- .elementskit-entry-thumb END -->\n                                                            \n                            \n\t\t\t\t\t\t\t\t\t\t\t\t\t<\/div><!-- .elementskit-entry-header END -->\n\n\t\t\t\t\t\t<div class=\"elementskit-post-body \">\n\t\t\t\t\t\t\t\n\t\t\t\t\t\t\t\t\t\t\t\t\t\t\t\t\t\t\t\t\t\t\t\t\t\n\t\t\t\t\t\t\t\t\n\t\t\t\t\t\t\t\t\t\t\t\t\t\t\t\t\t\t\t\t\t<h2 class=\"entry-title\">\n\t\t\t\t\t<a href=\"https:\/\/vitalmutfak.com\/es\/evento-2-de-vital-gourmet\/\">\n\t\t\t\t\t\tEvento 2 de Vital Gourmet\t\t\t\t\t<\/a>\n\t\t\t\t<\/h2>\n\t\t\t\t\t\t\t\t\t\t\t\t\t\t\t\t\t\t\t\t\t\t\t\t\t\t\t\t\t\t\t\t                                                            <div class=\"btn-wraper\">\n                                                                            <a class=\"elementskit-btn whitespace--normal\" id=\"\" href=\"https:\/\/vitalmutfak.com\/es\/evento-2-de-vital-gourmet\/\">\n                                            Leer...                                                                                    <\/a>\n                                    \n                                                                    <\/div>\n                                                    <\/div><!-- .elementskit-post-body END -->\n                    <\/div>\n                \n            <\/div>\n                    <div class=\"col-lg-4 col-md-6\">\n\n                                    <div class=\"elementskit-post-image-card\">\n                        <div class=\"elementskit-entry-header\">\n                                                            <a href=\"https:\/\/vitalmutfak.com\/es\/pirexpo-2022\/\" class=\"elementskit-entry-thumb\">\n                                    <img decoding=\"async\" src=\"https:\/\/vitalmutfak.com\/wp-content\/uploads\/03_Resim7-150x150.jpeg\" alt=\"PIREXPO 2022\">\n                                <\/a><!-- .elementskit-entry-thumb END -->\n                                                            \n                            \n\t\t\t\t\t\t\t\t\t\t\t\t\t<\/div><!-- .elementskit-entry-header END -->\n\n\t\t\t\t\t\t<div class=\"elementskit-post-body \">\n\t\t\t\t\t\t\t\n\t\t\t\t\t\t\t\t\t\t\t\t\t\t\t\t\t\t\t\t\t\t\t\t\t\n\t\t\t\t\t\t\t\t\n\t\t\t\t\t\t\t\t\t\t\t\t\t\t\t\t\t\t\t\t\t<h2 class=\"entry-title\">\n\t\t\t\t\t<a href=\"https:\/\/vitalmutfak.com\/es\/pirexpo-2022\/\">\n\t\t\t\t\t\tPIREXPO 2022\t\t\t\t\t<\/a>\n\t\t\t\t<\/h2>\n\t\t\t\t\t\t\t\t\t\t\t\t\t\t\t\t\t\t\t\t\t\t\t\t\t\t\t\t\t\t\t\t                                                            <div class=\"btn-wraper\">\n                                                                            <a class=\"elementskit-btn whitespace--normal\" id=\"\" href=\"https:\/\/vitalmutfak.com\/es\/pirexpo-2022\/\">\n                                            Leer...                                                                                    <\/a>\n                                    \n                                                                    <\/div>\n                                                    <\/div><!-- .elementskit-post-body END -->\n                    <\/div>\n                \n            <\/div>\n                    <div class=\"col-lg-4 col-md-6\">\n\n                                    <div class=\"elementskit-post-image-card\">\n                        <div class=\"elementskit-entry-header\">\n                                                            <a href=\"https:\/\/vitalmutfak.com\/es\/internorga-2022\/\" class=\"elementskit-entry-thumb\">\n                                    <img decoding=\"async\" src=\"https:\/\/vitalmutfak.com\/wp-content\/uploads\/01_Resim2-150x150.jpeg\" alt=\"INTERNORGA 2022\">\n                                <\/a><!-- .elementskit-entry-thumb END -->\n                                                            \n                            \n\t\t\t\t\t\t\t\t\t\t\t\t\t<\/div><!-- .elementskit-entry-header END -->\n\n\t\t\t\t\t\t<div class=\"elementskit-post-body \">\n\t\t\t\t\t\t\t\n\t\t\t\t\t\t\t\t\t\t\t\t\t\t\t\t\t\t\t\t\t\t\t\t\t\n\t\t\t\t\t\t\t\t\n\t\t\t\t\t\t\t\t\t\t\t\t\t\t\t\t\t\t\t\t\t<h2 class=\"entry-title\">\n\t\t\t\t\t<a href=\"https:\/\/vitalmutfak.com\/es\/internorga-2022\/\">\n\t\t\t\t\t\tINTERNORGA 2022\t\t\t\t\t<\/a>\n\t\t\t\t<\/h2>\n\t\t\t\t\t\t\t\t\t\t\t\t\t\t\t\t\t\t\t\t\t\t\t\t\t\t\t\t\t\t\t\t                                                            <div class=\"btn-wraper\">\n                                                                            <a class=\"elementskit-btn whitespace--normal\" id=\"\" href=\"https:\/\/vitalmutfak.com\/es\/internorga-2022\/\">\n                                            Leer...                                                                                    <\/a>\n                                    \n                                                                    <\/div>\n                                                    <\/div><!-- .elementskit-post-body END -->\n                    <\/div>\n                \n            <\/div>\n                    <div class=\"col-lg-4 col-md-6\">\n\n                                    <div class=\"elementskit-post-image-card\">\n                        <div class=\"elementskit-entry-header\">\n                                                            <a href=\"https:\/\/vitalmutfak.com\/es\/el-grupo-mutas-acogio-a-los-centros-de-servicios-autorizados-de-las-regiones-mediterranea-sureste-de-anatolia-y-este-de-anatolia-en-el-evento-vital-gourmet\/\" class=\"elementskit-entry-thumb\">\n                                    <img decoding=\"async\" src=\"https:\/\/vitalmutfak.com\/wp-content\/uploads\/Resim26-150x150.png\" alt=\"El Grupo Muta\u015f acogi\u00f3 a los Centros de Servicios Autorizados de las Regiones Mediterr\u00e1nea, Sureste de Anatolia y Este de Anatolia en el Evento Vital Gourmet\">\n                                <\/a><!-- .elementskit-entry-thumb END -->\n                                                            \n                            \n\t\t\t\t\t\t\t\t\t\t\t\t\t<\/div><!-- .elementskit-entry-header END -->\n\n\t\t\t\t\t\t<div class=\"elementskit-post-body \">\n\t\t\t\t\t\t\t\n\t\t\t\t\t\t\t\t\t\t\t\t\t\t\t\t\t\t\t\t\t\t\t\t\t\n\t\t\t\t\t\t\t\t\n\t\t\t\t\t\t\t\t\t\t\t\t\t\t\t\t\t\t\t\t\t<h2 class=\"entry-title\">\n\t\t\t\t\t<a href=\"https:\/\/vitalmutfak.com\/es\/el-grupo-mutas-acogio-a-los-centros-de-servicios-autorizados-de-las-regiones-mediterranea-sureste-de-anatolia-y-este-de-anatolia-en-el-evento-vital-gourmet\/\">\n\t\t\t\t\t\tEl Grupo Muta\u015f acogi\u00f3 a los Centros de Servicios Autorizados...\t\t\t\t\t<\/a>\n\t\t\t\t<\/h2>\n\t\t\t\t\t\t\t\t\t\t\t\t\t\t\t\t\t\t\t\t\t\t\t\t\t\t\t\t\t\t\t\t                                                            <div class=\"btn-wraper\">\n                                                                            <a class=\"elementskit-btn whitespace--normal\" id=\"\" href=\"https:\/\/vitalmutfak.com\/es\/el-grupo-mutas-acogio-a-los-centros-de-servicios-autorizados-de-las-regiones-mediterranea-sureste-de-anatolia-y-este-de-anatolia-en-el-evento-vital-gourmet\/\">\n                                            Leer...                                                                                    <\/a>\n                                    \n                                                                    <\/div>\n                                                    <\/div><!-- .elementskit-post-body END -->\n                    <\/div>\n                \n            <\/div>\n                    <div class=\"col-lg-4 col-md-6\">\n\n                                    <div class=\"elementskit-post-image-card\">\n                        <div class=\"elementskit-entry-header\">\n                                                            <a href=\"https:\/\/vitalmutfak.com\/es\/el-grupo-mutas-acogio-a-los-servicios-autorizados-de-la-region-del-mar-negro-occidental-y-anatolia-central-en-el-evento-vital-gourmet\/\" class=\"elementskit-entry-thumb\">\n                                    <img decoding=\"async\" src=\"https:\/\/vitalmutfak.com\/wp-content\/uploads\/Resim23-150x150.png\" alt=\"El Grupo Muta\u015f acogi\u00f3 a los Servicios Autorizados de la Regi\u00f3n del Mar Negro Occidental y Anatolia Central en el evento Vital Gourmet\">\n                                <\/a><!-- .elementskit-entry-thumb END -->\n                                                            \n                            \n\t\t\t\t\t\t\t\t\t\t\t\t\t<\/div><!-- .elementskit-entry-header END -->\n\n\t\t\t\t\t\t<div class=\"elementskit-post-body \">\n\t\t\t\t\t\t\t\n\t\t\t\t\t\t\t\t\t\t\t\t\t\t\t\t\t\t\t\t\t\t\t\t\t\n\t\t\t\t\t\t\t\t\n\t\t\t\t\t\t\t\t\t\t\t\t\t\t\t\t\t\t\t\t\t<h2 class=\"entry-title\">\n\t\t\t\t\t<a href=\"https:\/\/vitalmutfak.com\/es\/el-grupo-mutas-acogio-a-los-servicios-autorizados-de-la-region-del-mar-negro-occidental-y-anatolia-central-en-el-evento-vital-gourmet\/\">\n\t\t\t\t\t\tEl Grupo Muta\u015f acogi\u00f3 a los Servicios Autorizados de la...\t\t\t\t\t<\/a>\n\t\t\t\t<\/h2>\n\t\t\t\t\t\t\t\t\t\t\t\t\t\t\t\t\t\t\t\t\t\t\t\t\t\t\t\t\t\t\t\t                                                            <div class=\"btn-wraper\">\n                                                                            <a class=\"elementskit-btn whitespace--normal\" id=\"\" href=\"https:\/\/vitalmutfak.com\/es\/el-grupo-mutas-acogio-a-los-servicios-autorizados-de-la-region-del-mar-negro-occidental-y-anatolia-central-en-el-evento-vital-gourmet\/\">\n                                            Leer...                                                                                    <\/a>\n                                    \n                                                                    <\/div>\n                                                    <\/div><!-- .elementskit-post-body END -->\n                    <\/div>\n                \n            <\/div>\n                    <div class=\"col-lg-4 col-md-6\">\n\n                                    <div class=\"elementskit-post-image-card\">\n                        <div class=\"elementskit-entry-header\">\n                                                            <a href=\"https:\/\/vitalmutfak.com\/es\/el-grupo-mutas-acogio-a-los-centros-de-servicio-autorizados-de-la-region-del-egeo-en-el-primer-evento-del-ano\/\" class=\"elementskit-entry-thumb\">\n                                    <img decoding=\"async\" src=\"https:\/\/vitalmutfak.com\/wp-content\/uploads\/Resim22-150x150.png\" alt=\"El Grupo Muta\u015f acogi\u00f3 a los Centros de Servicio Autorizados de la Regi\u00f3n del Egeo en el primer evento del a\u00f1o\">\n                                <\/a><!-- .elementskit-entry-thumb END -->\n                                                            \n                            \n\t\t\t\t\t\t\t\t\t\t\t\t\t<\/div><!-- .elementskit-entry-header END -->\n\n\t\t\t\t\t\t<div class=\"elementskit-post-body \">\n\t\t\t\t\t\t\t\n\t\t\t\t\t\t\t\t\t\t\t\t\t\t\t\t\t\t\t\t\t\t\t\t\t\n\t\t\t\t\t\t\t\t\n\t\t\t\t\t\t\t\t\t\t\t\t\t\t\t\t\t\t\t\t\t<h2 class=\"entry-title\">\n\t\t\t\t\t<a href=\"https:\/\/vitalmutfak.com\/es\/el-grupo-mutas-acogio-a-los-centros-de-servicio-autorizados-de-la-region-del-egeo-en-el-primer-evento-del-ano\/\">\n\t\t\t\t\t\tEl Grupo Muta\u015f acogi\u00f3 a los Centros de Servicio Autorizados...\t\t\t\t\t<\/a>\n\t\t\t\t<\/h2>\n\t\t\t\t\t\t\t\t\t\t\t\t\t\t\t\t\t\t\t\t\t\t\t\t\t\t\t\t\t\t\t\t                                                            <div class=\"btn-wraper\">\n                                                                            <a class=\"elementskit-btn whitespace--normal\" id=\"\" href=\"https:\/\/vitalmutfak.com\/es\/el-grupo-mutas-acogio-a-los-centros-de-servicio-autorizados-de-la-region-del-egeo-en-el-primer-evento-del-ano\/\">\n                                            Leer...                                                                                    <\/a>\n                                    \n                                                                    <\/div>\n                                                    <\/div><!-- .elementskit-post-body END -->\n                    <\/div>\n                \n            <\/div>\n                    <div class=\"col-lg-4 col-md-6\">\n\n                                    <div class=\"elementskit-post-image-card\">\n                        <div class=\"elementskit-entry-header\">\n                                                            <a href=\"https:\/\/vitalmutfak.com\/es\/el-grupo-mutas-y-los-servicios-autorizados-de-la-region-de-marmara-se-reunieron-en-el-evento-vital-kitchen\/\" class=\"elementskit-entry-thumb\">\n                                    <img decoding=\"async\" src=\"https:\/\/vitalmutfak.com\/wp-content\/uploads\/Resim17-150x150.png\" alt=\"El Grupo Muta\u015f y los Servicios Autorizados de la Regi\u00f3n de M\u00e1rmara se reunieron en el Evento Vital Kitchen\">\n                                <\/a><!-- .elementskit-entry-thumb END -->\n                                                            \n                            \n\t\t\t\t\t\t\t\t\t\t\t\t\t<\/div><!-- .elementskit-entry-header END -->\n\n\t\t\t\t\t\t<div class=\"elementskit-post-body \">\n\t\t\t\t\t\t\t\n\t\t\t\t\t\t\t\t\t\t\t\t\t\t\t\t\t\t\t\t\t\t\t\t\t\n\t\t\t\t\t\t\t\t\n\t\t\t\t\t\t\t\t\t\t\t\t\t\t\t\t\t\t\t\t\t<h2 class=\"entry-title\">\n\t\t\t\t\t<a href=\"https:\/\/vitalmutfak.com\/es\/el-grupo-mutas-y-los-servicios-autorizados-de-la-region-de-marmara-se-reunieron-en-el-evento-vital-kitchen\/\">\n\t\t\t\t\t\tEl Grupo Muta\u015f y los Servicios Autorizados de la Regi\u00f3n...\t\t\t\t\t<\/a>\n\t\t\t\t<\/h2>\n\t\t\t\t\t\t\t\t\t\t\t\t\t\t\t\t\t\t\t\t\t\t\t\t\t\t\t\t\t\t\t\t                                                            <div class=\"btn-wraper\">\n                                                                            <a class=\"elementskit-btn whitespace--normal\" id=\"\" href=\"https:\/\/vitalmutfak.com\/es\/el-grupo-mutas-y-los-servicios-autorizados-de-la-region-de-marmara-se-reunieron-en-el-evento-vital-kitchen\/\">\n                                            Leer...                                                                                    <\/a>\n                                    \n                                                                    <\/div>\n                                                    <\/div><!-- .elementskit-post-body END -->\n                    <\/div>\n                \n            <\/div>\n                    <div class=\"col-lg-4 col-md-6\">\n\n                                    <div class=\"elementskit-post-image-card\">\n                        <div class=\"elementskit-entry-header\">\n                                                            <a href=\"https:\/\/vitalmutfak.com\/es\/evento-vital-gourmet-1\/\" class=\"elementskit-entry-thumb\">\n                                    <img decoding=\"async\" src=\"https:\/\/vitalmutfak.com\/wp-content\/uploads\/08_Resim10-150x150.jpeg\" alt=\"Evento Vital Gourmet 1\">\n                                <\/a><!-- .elementskit-entry-thumb END -->\n                                                            \n                            \n\t\t\t\t\t\t\t\t\t\t\t\t\t<\/div><!-- .elementskit-entry-header END -->\n\n\t\t\t\t\t\t<div class=\"elementskit-post-body \">\n\t\t\t\t\t\t\t\n\t\t\t\t\t\t\t\t\t\t\t\t\t\t\t\t\t\t\t\t\t\t\t\t\t\n\t\t\t\t\t\t\t\t\n\t\t\t\t\t\t\t\t\t\t\t\t\t\t\t\t\t\t\t\t\t<h2 class=\"entry-title\">\n\t\t\t\t\t<a href=\"https:\/\/vitalmutfak.com\/es\/evento-vital-gourmet-1\/\">\n\t\t\t\t\t\tEvento Vital Gourmet 1\t\t\t\t\t<\/a>\n\t\t\t\t<\/h2>\n\t\t\t\t\t\t\t\t\t\t\t\t\t\t\t\t\t\t\t\t\t\t\t\t\t\t\t\t\t\t\t\t                                                            <div class=\"btn-wraper\">\n                                                                            <a class=\"elementskit-btn whitespace--normal\" id=\"\" href=\"https:\/\/vitalmutfak.com\/es\/evento-vital-gourmet-1\/\">\n                                            Leer...                                                                                    <\/a>\n                                    \n                                                                    <\/div>\n                                                    <\/div><!-- .elementskit-post-body END -->\n                    <\/div>\n                \n            <\/div>\n                    <div class=\"col-lg-4 col-md-6\">\n\n                                    <div class=\"elementskit-post-image-card\">\n                        <div class=\"elementskit-entry-header\">\n                                                            <a href=\"https:\/\/vitalmutfak.com\/es\/el-grupo-mutas-se-reunio-con-su-publico-objetivo-en-el-evento-vital-kitchen\/\" class=\"elementskit-entry-thumb\">\n                                    <img decoding=\"async\" src=\"https:\/\/vitalmutfak.com\/wp-content\/uploads\/Resim10-150x150.png\" alt=\"El Grupo Muta\u015f se reuni\u00f3 con su p\u00fablico objetivo en el Evento Vital Kitchen\">\n                                <\/a><!-- .elementskit-entry-thumb END -->\n                                                            \n                            \n\t\t\t\t\t\t\t\t\t\t\t\t\t<\/div><!-- .elementskit-entry-header END -->\n\n\t\t\t\t\t\t<div class=\"elementskit-post-body \">\n\t\t\t\t\t\t\t\n\t\t\t\t\t\t\t\t\t\t\t\t\t\t\t\t\t\t\t\t\t\t\t\t\t\n\t\t\t\t\t\t\t\t\n\t\t\t\t\t\t\t\t\t\t\t\t\t\t\t\t\t\t\t\t\t<h2 class=\"entry-title\">\n\t\t\t\t\t<a href=\"https:\/\/vitalmutfak.com\/es\/el-grupo-mutas-se-reunio-con-su-publico-objetivo-en-el-evento-vital-kitchen\/\">\n\t\t\t\t\t\tEl Grupo Muta\u015f se reuni\u00f3 con su p\u00fablico objetivo en...\t\t\t\t\t<\/a>\n\t\t\t\t<\/h2>\n\t\t\t\t\t\t\t\t\t\t\t\t\t\t\t\t\t\t\t\t\t\t\t\t\t\t\t\t\t\t\t\t                                                            <div class=\"btn-wraper\">\n                                                                            <a class=\"elementskit-btn whitespace--normal\" id=\"\" href=\"https:\/\/vitalmutfak.com\/es\/el-grupo-mutas-se-reunio-con-su-publico-objetivo-en-el-evento-vital-kitchen\/\">\n                                            Leer...                                                                                    <\/a>\n                                    \n                                                                    <\/div>\n                                                    <\/div><!-- .elementskit-post-body END -->\n                    <\/div>\n                \n            <\/div>\n                <\/div>\n       <\/div>\t\t\t\t<\/div>\n\t\t\t\t<\/div>\n\t\t\t\t<div class=\"elementor-element elementor-element-6723c60 elementor-hidden-desktop elementor-widget elementor-widget-elementskit-blog-posts\" data-id=\"6723c60\" data-element_type=\"widget\" data-e-type=\"widget\" data-widget_type=\"elementskit-blog-posts.default\">\n\t\t\t\t<div class=\"elementor-widget-container\">\n\t\t\t\t\t<div class=\"ekit-wid-con\" >        <div id=\"post-items--6723c60\" class=\"row post-items\">\n                    <div class=\"col-lg-4 col-md-6\">\n\n                                    <div class=\"elementskit-post-image-card\">\n                        <div class=\"elementskit-entry-header\">\n                                                            <a href=\"https:\/\/vitalmutfak.com\/es\/el-iftar-del-ramadan-y-la-ceremonia-de-entrega-de-premios-a-los-veteranos-se-celebraron-en-el-grupo-mutas\/\" class=\"elementskit-entry-thumb\">\n                                    <img decoding=\"async\" src=\"https:\/\/vitalmutfak.com\/wp-content\/uploads\/DSC_8943-1500x860.jpg\" alt=\"El Iftar del Ramad\u00e1n y la Ceremonia de Entrega de Premios a los Veteranos se celebraron en el Grupo Muta\u015f\">\n                                <\/a><!-- .elementskit-entry-thumb END -->\n                                                            \n                            \n\t\t\t\t\t\t\t\t\t\t\t\t\t<\/div><!-- .elementskit-entry-header END -->\n\n\t\t\t\t\t\t<div class=\"elementskit-post-body \">\n\t\t\t\t\t\t\t\n\t\t\t\t\t\t\t\t\t\t\t\t\t\t\t\t\t\t\t\t\t\t\t\t\t\t\t\t\t\t\n\t\t\t\t\t\t\t\t\n\t\t\t\t\t\t\t\t\t\t\t\t\t\t\t\t\t\t\t\t\t<h2 class=\"entry-title\">\n\t\t\t\t\t<a href=\"https:\/\/vitalmutfak.com\/es\/el-iftar-del-ramadan-y-la-ceremonia-de-entrega-de-premios-a-los-veteranos-se-celebraron-en-el-grupo-mutas\/\">\n\t\t\t\t\t\tEl Iftar del Ramad\u00e1n y la Ceremonia de Entrega de...\t\t\t\t\t<\/a>\n\t\t\t\t<\/h2>\n\t\t\t\t\t\t\t\t\t\t\t\t\t\t\t\t\t\t\t\t\t\t\t\t\t\t\t\t\t\t\t\t                                                            <div class=\"btn-wraper\">\n                                    \n                                                                            <a class=\"elementskit-btn whitespace--normal\" id=\"\" href=\"https:\/\/vitalmutfak.com\/es\/el-iftar-del-ramadan-y-la-ceremonia-de-entrega-de-premios-a-los-veteranos-se-celebraron-en-el-grupo-mutas\/\">\n                                        \t                                            Leer...                                        <\/a>\n                                                                    <\/div>\n                                                    <\/div><!-- .elementskit-post-body END -->\n                    <\/div>\n                \n            <\/div>\n                    <div class=\"col-lg-4 col-md-6\">\n\n                                    <div class=\"elementskit-post-image-card\">\n                        <div class=\"elementskit-entry-header\">\n                                                            <a href=\"https:\/\/vitalmutfak.com\/es\/el-grupo-mutas-se-hizo-un-hueco-en-la-feria-host-arabia-2025-con-la-marca-vital\/\" class=\"elementskit-entry-thumb\">\n                                    <img decoding=\"async\" src=\"https:\/\/vitalmutfak.com\/wp-content\/uploads\/WhatsApp-Image-2026-01-09-at-11.43.51-4-1500x1125.jpeg\" alt=\"EL GRUPO MUTA\u015e SE HIZO UN HUECO EN LA FERIA HOST ARABIA 2025 CON LA MARCA VITAL\">\n                                <\/a><!-- .elementskit-entry-thumb END -->\n                                                            \n                            \n\t\t\t\t\t\t\t\t\t\t\t\t\t<\/div><!-- .elementskit-entry-header END -->\n\n\t\t\t\t\t\t<div class=\"elementskit-post-body \">\n\t\t\t\t\t\t\t\n\t\t\t\t\t\t\t\t\t\t\t\t\t\t\t\t\t\t\t\t\t\t\t\t\t\t\t\t\t\t\n\t\t\t\t\t\t\t\t\n\t\t\t\t\t\t\t\t\t\t\t\t\t\t\t\t\t\t\t\t\t<h2 class=\"entry-title\">\n\t\t\t\t\t<a href=\"https:\/\/vitalmutfak.com\/es\/el-grupo-mutas-se-hizo-un-hueco-en-la-feria-host-arabia-2025-con-la-marca-vital\/\">\n\t\t\t\t\t\tEL GRUPO MUTA\u015e SE HIZO UN HUECO EN LA FERIA...\t\t\t\t\t<\/a>\n\t\t\t\t<\/h2>\n\t\t\t\t\t\t\t\t\t\t\t\t\t\t\t\t\t\t\t\t\t\t\t\t\t\t\t\t\t\t\t\t                                                            <div class=\"btn-wraper\">\n                                    \n                                                                            <a class=\"elementskit-btn whitespace--normal\" id=\"\" href=\"https:\/\/vitalmutfak.com\/es\/el-grupo-mutas-se-hizo-un-hueco-en-la-feria-host-arabia-2025-con-la-marca-vital\/\">\n                                        \t                                            Leer...                                        <\/a>\n                                                                    <\/div>\n                                                    <\/div><!-- .elementskit-post-body END -->\n                    <\/div>\n                \n            <\/div>\n                    <div class=\"col-lg-4 col-md-6\">\n\n                                    <div class=\"elementskit-post-image-card\">\n                        <div class=\"elementskit-entry-header\">\n                                                            <a href=\"https:\/\/vitalmutfak.com\/es\/el-grupo-mutas-se-hizo-un-hueco-en-la-feria-hostech-by-tusid-2025-con-su-marca-vital\/\" class=\"elementskit-entry-thumb\">\n                                    <img decoding=\"async\" src=\"https:\/\/vitalmutfak.com\/wp-content\/uploads\/IMG-20250527-WA0017-1-1500x1125.jpg\" alt=\"EL GRUPO MUTA\u015e SE HIZO UN HUECO EN LA FERIA HOSTECH BY TUSID 2025 CON SU MARCA VI\u0307TAL\">\n                                <\/a><!-- .elementskit-entry-thumb END -->\n                                                            \n                            \n\t\t\t\t\t\t\t\t\t\t\t\t\t<\/div><!-- .elementskit-entry-header END -->\n\n\t\t\t\t\t\t<div class=\"elementskit-post-body \">\n\t\t\t\t\t\t\t\n\t\t\t\t\t\t\t\t\t\t\t\t\t\t\t\t\t\t\t\t\t\t\t\t\t\t\t\t\t\t\n\t\t\t\t\t\t\t\t\n\t\t\t\t\t\t\t\t\t\t\t\t\t\t\t\t\t\t\t\t\t<h2 class=\"entry-title\">\n\t\t\t\t\t<a href=\"https:\/\/vitalmutfak.com\/es\/el-grupo-mutas-se-hizo-un-hueco-en-la-feria-hostech-by-tusid-2025-con-su-marca-vital\/\">\n\t\t\t\t\t\tEL GRUPO MUTA\u015e SE HIZO UN HUECO EN LA FERIA...\t\t\t\t\t<\/a>\n\t\t\t\t<\/h2>\n\t\t\t\t\t\t\t\t\t\t\t\t\t\t\t\t\t\t\t\t\t\t\t\t\t\t\t\t\t\t\t\t                                                            <div class=\"btn-wraper\">\n                                    \n                                                                            <a class=\"elementskit-btn whitespace--normal\" id=\"\" href=\"https:\/\/vitalmutfak.com\/es\/el-grupo-mutas-se-hizo-un-hueco-en-la-feria-hostech-by-tusid-2025-con-su-marca-vital\/\">\n                                        \t                                            Leer...                                        <\/a>\n                                                                    <\/div>\n                                                    <\/div><!-- .elementskit-post-body END -->\n                    <\/div>\n                \n            <\/div>\n                    <div class=\"col-lg-4 col-md-6\">\n\n                                    <div class=\"elementskit-post-image-card\">\n                        <div class=\"elementskit-entry-header\">\n                                                            <a href=\"https:\/\/vitalmutfak.com\/es\/el-grupo-mutas-reforzo-su-vision-global-en-sigep-2024-con-la-marca-vital\/\" class=\"elementskit-entry-thumb\">\n                                    <img decoding=\"async\" src=\"https:\/\/vitalmutfak.com\/wp-content\/uploads\/WhatsApp-Image-2026-01-09-at-12.55.54a-1500x1125.jpeg\" alt=\"El Grupo Muta\u015f reforz\u00f3 su visi\u00f3n global en SIGEP 2024 con la marca Vital\">\n                                <\/a><!-- .elementskit-entry-thumb END -->\n                                                            \n                            \n\t\t\t\t\t\t\t\t\t\t\t\t\t<\/div><!-- .elementskit-entry-header END -->\n\n\t\t\t\t\t\t<div class=\"elementskit-post-body \">\n\t\t\t\t\t\t\t\n\t\t\t\t\t\t\t\t\t\t\t\t\t\t\t\t\t\t\t\t\t\t\t\t\t\t\t\t\t\t\n\t\t\t\t\t\t\t\t\n\t\t\t\t\t\t\t\t\t\t\t\t\t\t\t\t\t\t\t\t\t<h2 class=\"entry-title\">\n\t\t\t\t\t<a href=\"https:\/\/vitalmutfak.com\/es\/el-grupo-mutas-reforzo-su-vision-global-en-sigep-2024-con-la-marca-vital\/\">\n\t\t\t\t\t\tEl Grupo Muta\u015f reforz\u00f3 su visi\u00f3n global en SIGEP 2024...\t\t\t\t\t<\/a>\n\t\t\t\t<\/h2>\n\t\t\t\t\t\t\t\t\t\t\t\t\t\t\t\t\t\t\t\t\t\t\t\t\t\t\t\t\t\t\t\t                                                            <div class=\"btn-wraper\">\n                                    \n                                                                            <a class=\"elementskit-btn whitespace--normal\" id=\"\" href=\"https:\/\/vitalmutfak.com\/es\/el-grupo-mutas-reforzo-su-vision-global-en-sigep-2024-con-la-marca-vital\/\">\n                                        \t                                            Leer...                                        <\/a>\n                                                                    <\/div>\n                                                    <\/div><!-- .elementskit-post-body END -->\n                    <\/div>\n                \n            <\/div>\n                    <div class=\"col-lg-4 col-md-6\">\n\n                                    <div class=\"elementskit-post-image-card\">\n                        <div class=\"elementskit-entry-header\">\n                                                            <a href=\"https:\/\/vitalmutfak.com\/es\/el-grupo-mutas-participo-en-la-pir-expo-2024-con-la-marca-vital\/\" class=\"elementskit-entry-thumb\">\n                                    <img decoding=\"async\" src=\"https:\/\/vitalmutfak.com\/wp-content\/uploads\/Resim16.png\" alt=\"El Grupo Muta\u015f particip\u00f3 en la PIR Expo 2024 con la marca Vital\">\n                                <\/a><!-- .elementskit-entry-thumb END -->\n                                                            \n                            \n\t\t\t\t\t\t\t\t\t\t\t\t\t<\/div><!-- .elementskit-entry-header END -->\n\n\t\t\t\t\t\t<div class=\"elementskit-post-body \">\n\t\t\t\t\t\t\t\n\t\t\t\t\t\t\t\t\t\t\t\t\t\t\t\t\t\t\t\t\t\t\t\t\t\t\t\t\t\t\n\t\t\t\t\t\t\t\t\n\t\t\t\t\t\t\t\t\t\t\t\t\t\t\t\t\t\t\t\t\t<h2 class=\"entry-title\">\n\t\t\t\t\t<a href=\"https:\/\/vitalmutfak.com\/es\/el-grupo-mutas-participo-en-la-pir-expo-2024-con-la-marca-vital\/\">\n\t\t\t\t\t\tEl Grupo Muta\u015f particip\u00f3 en la PIR Expo 2024 con...\t\t\t\t\t<\/a>\n\t\t\t\t<\/h2>\n\t\t\t\t\t\t\t\t\t\t\t\t\t\t\t\t\t\t\t\t\t\t\t\t\t\t\t\t\t\t\t\t                                                            <div class=\"btn-wraper\">\n                                    \n                                                                            <a class=\"elementskit-btn whitespace--normal\" id=\"\" href=\"https:\/\/vitalmutfak.com\/es\/el-grupo-mutas-participo-en-la-pir-expo-2024-con-la-marca-vital\/\">\n                                        \t                                            Leer...                                        <\/a>\n                                                                    <\/div>\n                                                    <\/div><!-- .elementskit-post-body END -->\n                    <\/div>\n                \n            <\/div>\n                    <div class=\"col-lg-4 col-md-6\">\n\n                                    <div class=\"elementskit-post-image-card\">\n                        <div class=\"elementskit-entry-header\">\n                                                            <a href=\"https:\/\/vitalmutfak.com\/es\/el-grupo-mutas-dio-un-fuerte-mensaje-a-los-mercados-globales-con-su-marca-vital-en-la-exposicion-de-la-asociacion-nacional-de-restaurantes-2023\/\" class=\"elementskit-entry-thumb\">\n                                    <img decoding=\"async\" src=\"https:\/\/vitalmutfak.com\/wp-content\/uploads\/WhatsApp-Image-2026-01-09-at-12.59.32.jpeg\" alt=\"El Grupo Muta\u015f dio un fuerte mensaje a los mercados globales con su Marca Vital en la Exposici\u00f3n de la Asociaci\u00f3n Nacional de Restaurantes 2023\">\n                                <\/a><!-- .elementskit-entry-thumb END -->\n                                                            \n                            \n\t\t\t\t\t\t\t\t\t\t\t\t\t<\/div><!-- .elementskit-entry-header END -->\n\n\t\t\t\t\t\t<div class=\"elementskit-post-body \">\n\t\t\t\t\t\t\t\n\t\t\t\t\t\t\t\t\t\t\t\t\t\t\t\t\t\t\t\t\t\t\t\t\t\t\t\t\t\t\n\t\t\t\t\t\t\t\t\n\t\t\t\t\t\t\t\t\t\t\t\t\t\t\t\t\t\t\t\t\t<h2 class=\"entry-title\">\n\t\t\t\t\t<a href=\"https:\/\/vitalmutfak.com\/es\/el-grupo-mutas-dio-un-fuerte-mensaje-a-los-mercados-globales-con-su-marca-vital-en-la-exposicion-de-la-asociacion-nacional-de-restaurantes-2023\/\">\n\t\t\t\t\t\tEl Grupo Muta\u015f dio un fuerte mensaje a los mercados...\t\t\t\t\t<\/a>\n\t\t\t\t<\/h2>\n\t\t\t\t\t\t\t\t\t\t\t\t\t\t\t\t\t\t\t\t\t\t\t\t\t\t\t\t\t\t\t\t                                                            <div class=\"btn-wraper\">\n                                    \n                                                                            <a class=\"elementskit-btn whitespace--normal\" id=\"\" href=\"https:\/\/vitalmutfak.com\/es\/el-grupo-mutas-dio-un-fuerte-mensaje-a-los-mercados-globales-con-su-marca-vital-en-la-exposicion-de-la-asociacion-nacional-de-restaurantes-2023\/\">\n                                        \t                                            Leer...                                        <\/a>\n                                                                    <\/div>\n                                                    <\/div><!-- .elementskit-post-body END -->\n                    <\/div>\n                \n            <\/div>\n                    <div class=\"col-lg-4 col-md-6\">\n\n                                    <div class=\"elementskit-post-image-card\">\n                        <div class=\"elementskit-entry-header\">\n                                                            <a href=\"https:\/\/vitalmutfak.com\/es\/el-grupo-mutas-participo-en-euroshop-2023-con-su-vision-corporativa-y-objetivos-globales\/\" class=\"elementskit-entry-thumb\">\n                                    <img decoding=\"async\" src=\"https:\/\/vitalmutfak.com\/wp-content\/uploads\/WhatsApp-Image-2026-01-09-at-13.01.04-1-1500x1125.jpeg\" alt=\"El Grupo Muta\u015f particip\u00f3 en EuroShop 2023 con su Visi\u00f3n Corporativa y Objetivos Globales\">\n                                <\/a><!-- .elementskit-entry-thumb END -->\n                                                            \n                            \n\t\t\t\t\t\t\t\t\t\t\t\t\t<\/div><!-- .elementskit-entry-header END -->\n\n\t\t\t\t\t\t<div class=\"elementskit-post-body \">\n\t\t\t\t\t\t\t\n\t\t\t\t\t\t\t\t\t\t\t\t\t\t\t\t\t\t\t\t\t\t\t\t\t\t\t\t\t\t\n\t\t\t\t\t\t\t\t\n\t\t\t\t\t\t\t\t\t\t\t\t\t\t\t\t\t\t\t\t\t<h2 class=\"entry-title\">\n\t\t\t\t\t<a href=\"https:\/\/vitalmutfak.com\/es\/el-grupo-mutas-participo-en-euroshop-2023-con-su-vision-corporativa-y-objetivos-globales\/\">\n\t\t\t\t\t\tEl Grupo Muta\u015f particip\u00f3 en EuroShop 2023 con su Visi\u00f3n...\t\t\t\t\t<\/a>\n\t\t\t\t<\/h2>\n\t\t\t\t\t\t\t\t\t\t\t\t\t\t\t\t\t\t\t\t\t\t\t\t\t\t\t\t\t\t\t\t                                                            <div class=\"btn-wraper\">\n                                    \n                                                                            <a class=\"elementskit-btn whitespace--normal\" id=\"\" href=\"https:\/\/vitalmutfak.com\/es\/el-grupo-mutas-participo-en-euroshop-2023-con-su-vision-corporativa-y-objetivos-globales\/\">\n                                        \t                                            Leer...                                        <\/a>\n                                                                    <\/div>\n                                                    <\/div><!-- .elementskit-post-body END -->\n                    <\/div>\n                \n            <\/div>\n                    <div class=\"col-lg-4 col-md-6\">\n\n                                    <div class=\"elementskit-post-image-card\">\n                        <div class=\"elementskit-entry-header\">\n                                                            <a href=\"https:\/\/vitalmutfak.com\/es\/vital-demostro-su-fuerza-en-el-mercado-estadounidense\/\" class=\"elementskit-entry-thumb\">\n                                    <img decoding=\"async\" src=\"https:\/\/vitalmutfak.com\/wp-content\/uploads\/Resim4-2.png\" alt=\"VITAL demostr\u00f3 su fuerza en el mercado estadounidense\">\n                                <\/a><!-- .elementskit-entry-thumb END -->\n                                                            \n                            \n\t\t\t\t\t\t\t\t\t\t\t\t\t<\/div><!-- .elementskit-entry-header END -->\n\n\t\t\t\t\t\t<div class=\"elementskit-post-body \">\n\t\t\t\t\t\t\t\n\t\t\t\t\t\t\t\t\t\t\t\t\t\t\t\t\t\t\t\t\t\t\t\t\t\t\t\t\t\t\n\t\t\t\t\t\t\t\t\n\t\t\t\t\t\t\t\t\t\t\t\t\t\t\t\t\t\t\t\t\t<h2 class=\"entry-title\">\n\t\t\t\t\t<a href=\"https:\/\/vitalmutfak.com\/es\/vital-demostro-su-fuerza-en-el-mercado-estadounidense\/\">\n\t\t\t\t\t\tVITAL demostr\u00f3 su fuerza en el mercado estadounidense\t\t\t\t\t<\/a>\n\t\t\t\t<\/h2>\n\t\t\t\t\t\t\t\t\t\t\t\t\t\t\t\t\t\t\t\t\t\t\t\t\t\t\t\t\t\t\t\t                                                            <div class=\"btn-wraper\">\n                                    \n                                                                            <a class=\"elementskit-btn whitespace--normal\" id=\"\" href=\"https:\/\/vitalmutfak.com\/es\/vital-demostro-su-fuerza-en-el-mercado-estadounidense\/\">\n                                        \t                                            Leer...                                        <\/a>\n                                                                    <\/div>\n                                                    <\/div><!-- .elementskit-post-body END -->\n                    <\/div>\n                \n            <\/div>\n                    <div class=\"col-lg-4 col-md-6\">\n\n                                    <div class=\"elementskit-post-image-card\">\n                        <div class=\"elementskit-entry-header\">\n                                                            <a href=\"https:\/\/vitalmutfak.com\/es\/vital-met-sector-cocina-en-antalya\/\" class=\"elementskit-entry-thumb\">\n                                    <img decoding=\"async\" src=\"https:\/\/vitalmutfak.com\/wp-content\/uploads\/Resim10-1.png\" alt=\"VITAL Met Sector Cocina en Antalya\">\n                                <\/a><!-- .elementskit-entry-thumb END -->\n                                                            \n                            \n\t\t\t\t\t\t\t\t\t\t\t\t\t<\/div><!-- .elementskit-entry-header END -->\n\n\t\t\t\t\t\t<div class=\"elementskit-post-body \">\n\t\t\t\t\t\t\t\n\t\t\t\t\t\t\t\t\t\t\t\t\t\t\t\t\t\t\t\t\t\t\t\t\t\t\t\t\t\t\n\t\t\t\t\t\t\t\t\n\t\t\t\t\t\t\t\t\t\t\t\t\t\t\t\t\t\t\t\t\t<h2 class=\"entry-title\">\n\t\t\t\t\t<a href=\"https:\/\/vitalmutfak.com\/es\/vital-met-sector-cocina-en-antalya\/\">\n\t\t\t\t\t\tVITAL Met Sector Cocina en Antalya\t\t\t\t\t<\/a>\n\t\t\t\t<\/h2>\n\t\t\t\t\t\t\t\t\t\t\t\t\t\t\t\t\t\t\t\t\t\t\t\t\t\t\t\t\t\t\t\t                                                            <div class=\"btn-wraper\">\n                                    \n                                                                            <a class=\"elementskit-btn whitespace--normal\" id=\"\" href=\"https:\/\/vitalmutfak.com\/es\/vital-met-sector-cocina-en-antalya\/\">\n                                        \t                                            Leer...                                        <\/a>\n                                                                    <\/div>\n                                                    <\/div><!-- .elementskit-post-body END -->\n                    <\/div>\n                \n            <\/div>\n                    <div class=\"col-lg-4 col-md-6\">\n\n                                    <div class=\"elementskit-post-image-card\">\n                        <div class=\"elementskit-entry-header\">\n                                                            <a href=\"https:\/\/vitalmutfak.com\/es\/el-grupo-mutas-destaco-con-su-marca-vital-en-la-feria-hostech-by-tusid-de-estambul\/\" class=\"elementskit-entry-thumb\">\n                                    <img decoding=\"async\" src=\"https:\/\/vitalmutfak.com\/wp-content\/uploads\/Resim8-2.png\" alt=\"El Grupo Muta\u015f destac\u00f3 con su Marca Vital en la Feria Hostech by TUSID de Estambul\">\n                                <\/a><!-- .elementskit-entry-thumb END -->\n                                                            \n                            \n\t\t\t\t\t\t\t\t\t\t\t\t\t<\/div><!-- .elementskit-entry-header END -->\n\n\t\t\t\t\t\t<div class=\"elementskit-post-body \">\n\t\t\t\t\t\t\t\n\t\t\t\t\t\t\t\t\t\t\t\t\t\t\t\t\t\t\t\t\t\t\t\t\t\t\t\t\t\t\n\t\t\t\t\t\t\t\t\n\t\t\t\t\t\t\t\t\t\t\t\t\t\t\t\t\t\t\t\t\t<h2 class=\"entry-title\">\n\t\t\t\t\t<a href=\"https:\/\/vitalmutfak.com\/es\/el-grupo-mutas-destaco-con-su-marca-vital-en-la-feria-hostech-by-tusid-de-estambul\/\">\n\t\t\t\t\t\tEl Grupo Muta\u015f destac\u00f3 con su Marca Vital en la...\t\t\t\t\t<\/a>\n\t\t\t\t<\/h2>\n\t\t\t\t\t\t\t\t\t\t\t\t\t\t\t\t\t\t\t\t\t\t\t\t\t\t\t\t\t\t\t\t                                                            <div class=\"btn-wraper\">\n                                    \n                                                                            <a class=\"elementskit-btn whitespace--normal\" id=\"\" href=\"https:\/\/vitalmutfak.com\/es\/el-grupo-mutas-destaco-con-su-marca-vital-en-la-feria-hostech-by-tusid-de-estambul\/\">\n                                        \t                                            Leer...                                        <\/a>\n                                                                    <\/div>\n                                                    <\/div><!-- .elementskit-post-body END -->\n                    <\/div>\n                \n            <\/div>\n                    <div class=\"col-lg-4 col-md-6\">\n\n                                    <div class=\"elementskit-post-image-card\">\n                        <div class=\"elementskit-entry-header\">\n                                                            <a href=\"https:\/\/vitalmutfak.com\/es\/una-marca-turca-en-hamburgo-vital\/\" class=\"elementskit-entry-thumb\">\n                                    <img decoding=\"async\" src=\"https:\/\/vitalmutfak.com\/wp-content\/uploads\/WhatsApp-Image-2026-01-09-at-13.04.29a.jpeg\" alt=\"Una marca turca en Hamburgo: Vital\">\n                                <\/a><!-- .elementskit-entry-thumb END -->\n                                                            \n                            \n\t\t\t\t\t\t\t\t\t\t\t\t\t<\/div><!-- .elementskit-entry-header END -->\n\n\t\t\t\t\t\t<div class=\"elementskit-post-body \">\n\t\t\t\t\t\t\t\n\t\t\t\t\t\t\t\t\t\t\t\t\t\t\t\t\t\t\t\t\t\t\t\t\t\t\t\t\t\t\n\t\t\t\t\t\t\t\t\n\t\t\t\t\t\t\t\t\t\t\t\t\t\t\t\t\t\t\t\t\t<h2 class=\"entry-title\">\n\t\t\t\t\t<a href=\"https:\/\/vitalmutfak.com\/es\/una-marca-turca-en-hamburgo-vital\/\">\n\t\t\t\t\t\tUna marca turca en Hamburgo: Vital\t\t\t\t\t<\/a>\n\t\t\t\t<\/h2>\n\t\t\t\t\t\t\t\t\t\t\t\t\t\t\t\t\t\t\t\t\t\t\t\t\t\t\t\t\t\t\t\t                                                            <div class=\"btn-wraper\">\n                                    \n                                                                            <a class=\"elementskit-btn whitespace--normal\" id=\"\" href=\"https:\/\/vitalmutfak.com\/es\/una-marca-turca-en-hamburgo-vital\/\">\n                                        \t                                            Leer...                                        <\/a>\n                                                                    <\/div>\n                                                    <\/div><!-- .elementskit-post-body END -->\n                    <\/div>\n                \n            <\/div>\n                    <div class=\"col-lg-4 col-md-6\">\n\n                                    <div class=\"elementskit-post-image-card\">\n                        <div class=\"elementskit-entry-header\">\n                                                            <a href=\"https:\/\/vitalmutfak.com\/es\/cooperacion-entre-gastroinox-y-vital-en-moscu\/\" class=\"elementskit-entry-thumb\">\n                                    <img decoding=\"async\" src=\"https:\/\/vitalmutfak.com\/wp-content\/uploads\/Resim8.png\" alt=\"Cooperaci\u00f3n entre GASTROINOX y VITAL en Mosc\u00fa\">\n                                <\/a><!-- .elementskit-entry-thumb END -->\n                                                            \n                            \n\t\t\t\t\t\t\t\t\t\t\t\t\t<\/div><!-- .elementskit-entry-header END -->\n\n\t\t\t\t\t\t<div class=\"elementskit-post-body \">\n\t\t\t\t\t\t\t\n\t\t\t\t\t\t\t\t\t\t\t\t\t\t\t\t\t\t\t\t\t\t\t\t\t\t\t\t\t\t\n\t\t\t\t\t\t\t\t\n\t\t\t\t\t\t\t\t\t\t\t\t\t\t\t\t\t\t\t\t\t<h2 class=\"entry-title\">\n\t\t\t\t\t<a href=\"https:\/\/vitalmutfak.com\/es\/cooperacion-entre-gastroinox-y-vital-en-moscu\/\">\n\t\t\t\t\t\tCooperaci\u00f3n entre GASTROINOX y VITAL en Mosc\u00fa\t\t\t\t\t<\/a>\n\t\t\t\t<\/h2>\n\t\t\t\t\t\t\t\t\t\t\t\t\t\t\t\t\t\t\t\t\t\t\t\t\t\t\t\t\t\t\t\t                                                            <div class=\"btn-wraper\">\n                                    \n                                                                            <a class=\"elementskit-btn whitespace--normal\" id=\"\" href=\"https:\/\/vitalmutfak.com\/es\/cooperacion-entre-gastroinox-y-vital-en-moscu\/\">\n                                        \t                                            Leer...                                        <\/a>\n                                                                    <\/div>\n                                                    <\/div><!-- .elementskit-post-body END -->\n                    <\/div>\n                \n            <\/div>\n                    <div class=\"col-lg-4 col-md-6\">\n\n                                    <div class=\"elementskit-post-image-card\">\n                        <div class=\"elementskit-entry-header\">\n                                                            <a href=\"https:\/\/vitalmutfak.com\/es\/inauguracion-del-centro-de-educacion-publica-polatli-en-cooperacion-con-acnur-y-mutas-grupo-a-s\/\" class=\"elementskit-entry-thumb\">\n                                    <img decoding=\"async\" src=\"https:\/\/vitalmutfak.com\/wp-content\/uploads\/Resim2.png\" alt=\"Inauguraci\u00f3n del Centro de Educaci\u00f3n P\u00fablica Polatl\u0131 en cooperaci\u00f3n con ACNUR y MUTA\u015e Grupo A.\u015e.\">\n                                <\/a><!-- .elementskit-entry-thumb END -->\n                                                            \n                            \n\t\t\t\t\t\t\t\t\t\t\t\t\t<\/div><!-- .elementskit-entry-header END -->\n\n\t\t\t\t\t\t<div class=\"elementskit-post-body \">\n\t\t\t\t\t\t\t\n\t\t\t\t\t\t\t\t\t\t\t\t\t\t\t\t\t\t\t\t\t\t\t\t\t\t\t\t\t\t\n\t\t\t\t\t\t\t\t\n\t\t\t\t\t\t\t\t\t\t\t\t\t\t\t\t\t\t\t\t\t<h2 class=\"entry-title\">\n\t\t\t\t\t<a href=\"https:\/\/vitalmutfak.com\/es\/inauguracion-del-centro-de-educacion-publica-polatli-en-cooperacion-con-acnur-y-mutas-grupo-a-s\/\">\n\t\t\t\t\t\tInauguraci\u00f3n del Centro de Educaci\u00f3n P\u00fablica Polatl\u0131 en cooperaci\u00f3n con...\t\t\t\t\t<\/a>\n\t\t\t\t<\/h2>\n\t\t\t\t\t\t\t\t\t\t\t\t\t\t\t\t\t\t\t\t\t\t\t\t\t\t\t\t\t\t\t\t                                                            <div class=\"btn-wraper\">\n                                    \n                                                                            <a class=\"elementskit-btn whitespace--normal\" id=\"\" href=\"https:\/\/vitalmutfak.com\/es\/inauguracion-del-centro-de-educacion-publica-polatli-en-cooperacion-con-acnur-y-mutas-grupo-a-s\/\">\n                                        \t                                            Leer...                                        <\/a>\n                                                                    <\/div>\n                                                    <\/div><!-- .elementskit-post-body END -->\n                    <\/div>\n                \n            <\/div>\n                    <div class=\"col-lg-4 col-md-6\">\n\n                                    <div class=\"elementskit-post-image-card\">\n                        <div class=\"elementskit-entry-header\">\n                                                            <a href=\"https:\/\/vitalmutfak.com\/es\/acogida-milan\/\" class=\"elementskit-entry-thumb\">\n                                    <img decoding=\"async\" src=\"https:\/\/vitalmutfak.com\/wp-content\/uploads\/WhatsApp-Image-2026-01-09-at-12.28.37v-1500x1449.jpeg\" alt=\"Acogida Mil\u00e1n\">\n                                <\/a><!-- .elementskit-entry-thumb END -->\n                                                            \n                            \n\t\t\t\t\t\t\t\t\t\t\t\t\t<\/div><!-- .elementskit-entry-header END -->\n\n\t\t\t\t\t\t<div class=\"elementskit-post-body \">\n\t\t\t\t\t\t\t\n\t\t\t\t\t\t\t\t\t\t\t\t\t\t\t\t\t\t\t\t\t\t\t\t\t\t\t\t\t\t\n\t\t\t\t\t\t\t\t\n\t\t\t\t\t\t\t\t\t\t\t\t\t\t\t\t\t\t\t\t\t<h2 class=\"entry-title\">\n\t\t\t\t\t<a href=\"https:\/\/vitalmutfak.com\/es\/acogida-milan\/\">\n\t\t\t\t\t\tAcogida Mil\u00e1n\t\t\t\t\t<\/a>\n\t\t\t\t<\/h2>\n\t\t\t\t\t\t\t\t\t\t\t\t\t\t\t\t\t\t\t\t\t\t\t\t\t\t\t\t\t\t\t\t                                                            <div class=\"btn-wraper\">\n                                    \n                                                                            <a class=\"elementskit-btn whitespace--normal\" id=\"\" href=\"https:\/\/vitalmutfak.com\/es\/acogida-milan\/\">\n                                        \t                                            Leer...                                        <\/a>\n                                                                    <\/div>\n                                                    <\/div><!-- .elementskit-post-body END -->\n                    <\/div>\n                \n            <\/div>\n                    <div class=\"col-lg-4 col-md-6\">\n\n                                    <div class=\"elementskit-post-image-card\">\n                        <div class=\"elementskit-entry-header\">\n                                                            <a href=\"https:\/\/vitalmutfak.com\/es\/hostech-by-tusid-estambul-2021-escaparate-de-la-fuerza-sectorial-del-grupo-mutas-y-vital-mutfak\/\" class=\"elementskit-entry-thumb\">\n                                    <img decoding=\"async\" src=\"https:\/\/vitalmutfak.com\/wp-content\/uploads\/WhatsApp-Image-2026-01-12-at-15.20.27-2.jpeg\" alt=\"Hostech by TUSID Estambul 2021: escaparate de la fuerza sectorial del Grupo Muta\u015f y Vital Mutfak\">\n                                <\/a><!-- .elementskit-entry-thumb END -->\n                                                            \n                            \n\t\t\t\t\t\t\t\t\t\t\t\t\t<\/div><!-- .elementskit-entry-header END -->\n\n\t\t\t\t\t\t<div class=\"elementskit-post-body \">\n\t\t\t\t\t\t\t\n\t\t\t\t\t\t\t\t\t\t\t\t\t\t\t\t\t\t\t\t\t\t\t\t\t\t\t\t\t\t\n\t\t\t\t\t\t\t\t\n\t\t\t\t\t\t\t\t\t\t\t\t\t\t\t\t\t\t\t\t\t<h2 class=\"entry-title\">\n\t\t\t\t\t<a href=\"https:\/\/vitalmutfak.com\/es\/hostech-by-tusid-estambul-2021-escaparate-de-la-fuerza-sectorial-del-grupo-mutas-y-vital-mutfak\/\">\n\t\t\t\t\t\tHostech by TUSID Estambul 2021: escaparate de la fuerza sectorial...\t\t\t\t\t<\/a>\n\t\t\t\t<\/h2>\n\t\t\t\t\t\t\t\t\t\t\t\t\t\t\t\t\t\t\t\t\t\t\t\t\t\t\t\t\t\t\t\t                                                            <div class=\"btn-wraper\">\n                                    \n                                                                            <a class=\"elementskit-btn whitespace--normal\" id=\"\" href=\"https:\/\/vitalmutfak.com\/es\/hostech-by-tusid-estambul-2021-escaparate-de-la-fuerza-sectorial-del-grupo-mutas-y-vital-mutfak\/\">\n                                        \t                                            Leer...                                        <\/a>\n                                                                    <\/div>\n                                                    <\/div><!-- .elementskit-post-body END -->\n                    <\/div>\n                \n            <\/div>\n                    <div class=\"col-lg-4 col-md-6\">\n\n                                    <div class=\"elementskit-post-image-card\">\n                        <div class=\"elementskit-entry-header\">\n                                                            <a href=\"https:\/\/vitalmutfak.com\/es\/el-grupo-mutas-reforzo-su-estructura-de-servicios-con-la-reunion-de-cocina-vital\/\" class=\"elementskit-entry-thumb\">\n                                    <img decoding=\"async\" src=\"https:\/\/vitalmutfak.com\/wp-content\/uploads\/IMG-20251125-WA0004-1500x691.jpg\" alt=\"El Grupo Muta\u015f reforz\u00f3 su estructura de servicios con la Reuni\u00f3n de Cocina Vital\">\n                                <\/a><!-- .elementskit-entry-thumb END -->\n                                                            \n                            \n\t\t\t\t\t\t\t\t\t\t\t\t\t<\/div><!-- .elementskit-entry-header END -->\n\n\t\t\t\t\t\t<div class=\"elementskit-post-body \">\n\t\t\t\t\t\t\t\n\t\t\t\t\t\t\t\t\t\t\t\t\t\t\t\t\t\t\t\t\t\t\t\t\t\t\t\t\t\t\n\t\t\t\t\t\t\t\t\n\t\t\t\t\t\t\t\t\t\t\t\t\t\t\t\t\t\t\t\t\t<h2 class=\"entry-title\">\n\t\t\t\t\t<a href=\"https:\/\/vitalmutfak.com\/es\/el-grupo-mutas-reforzo-su-estructura-de-servicios-con-la-reunion-de-cocina-vital\/\">\n\t\t\t\t\t\tEl Grupo Muta\u015f reforz\u00f3 su estructura de servicios con la...\t\t\t\t\t<\/a>\n\t\t\t\t<\/h2>\n\t\t\t\t\t\t\t\t\t\t\t\t\t\t\t\t\t\t\t\t\t\t\t\t\t\t\t\t\t\t\t\t                                                            <div class=\"btn-wraper\">\n                                    \n                                                                            <a class=\"elementskit-btn whitespace--normal\" id=\"\" href=\"https:\/\/vitalmutfak.com\/es\/el-grupo-mutas-reforzo-su-estructura-de-servicios-con-la-reunion-de-cocina-vital\/\">\n                                        \t                                            Leer...                                        <\/a>\n                                                                    <\/div>\n                                                    <\/div><!-- .elementskit-post-body END -->\n                    <\/div>\n                \n            <\/div>\n                    <div class=\"col-lg-4 col-md-6\">\n\n                                    <div class=\"elementskit-post-image-card\">\n                        <div class=\"elementskit-entry-header\">\n                                                            <a href=\"https:\/\/vitalmutfak.com\/es\/el-grupo-mutas-acogio-a-servicios-autorizados-de-toda-turquia-en-el-evento-vital-kitchen\/\" class=\"elementskit-entry-thumb\">\n                                    <img decoding=\"async\" src=\"https:\/\/vitalmutfak.com\/wp-content\/uploads\/IMG-20251117-WA0008-1500x1000.png\" alt=\"El Grupo Muta\u015f acogi\u00f3 a servicios autorizados de toda Turqu\u00eda en el evento Vital Kitchen\">\n                                <\/a><!-- .elementskit-entry-thumb END -->\n                                                            \n                            \n\t\t\t\t\t\t\t\t\t\t\t\t\t<\/div><!-- .elementskit-entry-header END -->\n\n\t\t\t\t\t\t<div class=\"elementskit-post-body \">\n\t\t\t\t\t\t\t\n\t\t\t\t\t\t\t\t\t\t\t\t\t\t\t\t\t\t\t\t\t\t\t\t\t\t\t\t\t\t\n\t\t\t\t\t\t\t\t\n\t\t\t\t\t\t\t\t\t\t\t\t\t\t\t\t\t\t\t\t\t<h2 class=\"entry-title\">\n\t\t\t\t\t<a href=\"https:\/\/vitalmutfak.com\/es\/el-grupo-mutas-acogio-a-servicios-autorizados-de-toda-turquia-en-el-evento-vital-kitchen\/\">\n\t\t\t\t\t\tEl Grupo Muta\u015f acogi\u00f3 a servicios autorizados de toda Turqu\u00eda...\t\t\t\t\t<\/a>\n\t\t\t\t<\/h2>\n\t\t\t\t\t\t\t\t\t\t\t\t\t\t\t\t\t\t\t\t\t\t\t\t\t\t\t\t\t\t\t\t                                                            <div class=\"btn-wraper\">\n                                    \n                                                                            <a class=\"elementskit-btn whitespace--normal\" id=\"\" href=\"https:\/\/vitalmutfak.com\/es\/el-grupo-mutas-acogio-a-servicios-autorizados-de-toda-turquia-en-el-evento-vital-kitchen\/\">\n                                        \t                                            Leer...                                        <\/a>\n                                                                    <\/div>\n                                                    <\/div><!-- .elementskit-post-body END -->\n                    <\/div>\n                \n            <\/div>\n                    <div class=\"col-lg-4 col-md-6\">\n\n                                    <div class=\"elementskit-post-image-card\">\n                        <div class=\"elementskit-entry-header\">\n                                                            <a href=\"https:\/\/vitalmutfak.com\/es\/acoger-milano-2025\/\" class=\"elementskit-entry-thumb\">\n                                    <img decoding=\"async\" src=\"https:\/\/vitalmutfak.com\/wp-content\/uploads\/IMG-20251017-WA0013-1500x1125.jpg\" alt=\"Acoger Milano 2025\">\n                                <\/a><!-- .elementskit-entry-thumb END -->\n                                                            \n                            \n\t\t\t\t\t\t\t\t\t\t\t\t\t<\/div><!-- .elementskit-entry-header END -->\n\n\t\t\t\t\t\t<div class=\"elementskit-post-body \">\n\t\t\t\t\t\t\t\n\t\t\t\t\t\t\t\t\t\t\t\t\t\t\t\t\t\t\t\t\t\t\t\t\t\t\t\t\t\t\n\t\t\t\t\t\t\t\t\n\t\t\t\t\t\t\t\t\t\t\t\t\t\t\t\t\t\t\t\t\t<h2 class=\"entry-title\">\n\t\t\t\t\t<a href=\"https:\/\/vitalmutfak.com\/es\/acoger-milano-2025\/\">\n\t\t\t\t\t\tAcoger Milano 2025\t\t\t\t\t<\/a>\n\t\t\t\t<\/h2>\n\t\t\t\t\t\t\t\t\t\t\t\t\t\t\t\t\t\t\t\t\t\t\t\t\t\t\t\t\t\t\t\t                                                            <div class=\"btn-wraper\">\n                                    \n                                                                            <a class=\"elementskit-btn whitespace--normal\" id=\"\" href=\"https:\/\/vitalmutfak.com\/es\/acoger-milano-2025\/\">\n                                        \t                                            Leer...                                        <\/a>\n                                                                    <\/div>\n                                                    <\/div><!-- .elementskit-post-body END -->\n                    <\/div>\n                \n            <\/div>\n                    <div class=\"col-lg-4 col-md-6\">\n\n                                    <div class=\"elementskit-post-image-card\">\n                        <div class=\"elementskit-entry-header\">\n                                                            <a href=\"https:\/\/vitalmutfak.com\/es\/hostech-by-tusid-estambul-2025\/\" class=\"elementskit-entry-thumb\">\n                                    <img decoding=\"async\" src=\"https:\/\/vitalmutfak.com\/wp-content\/uploads\/IMG-20250527-WA0017-1500x1125.jpg\" alt=\"Hostech By TUSID Estambul 2025\">\n                                <\/a><!-- .elementskit-entry-thumb END -->\n                                                            \n                            \n\t\t\t\t\t\t\t\t\t\t\t\t\t<\/div><!-- .elementskit-entry-header END -->\n\n\t\t\t\t\t\t<div class=\"elementskit-post-body \">\n\t\t\t\t\t\t\t\n\t\t\t\t\t\t\t\t\t\t\t\t\t\t\t\t\t\t\t\t\t\t\t\t\t\t\t\t\t\t\n\t\t\t\t\t\t\t\t\n\t\t\t\t\t\t\t\t\t\t\t\t\t\t\t\t\t\t\t\t\t<h2 class=\"entry-title\">\n\t\t\t\t\t<a href=\"https:\/\/vitalmutfak.com\/es\/hostech-by-tusid-estambul-2025\/\">\n\t\t\t\t\t\tHostech By TUSID Estambul 2025\t\t\t\t\t<\/a>\n\t\t\t\t<\/h2>\n\t\t\t\t\t\t\t\t\t\t\t\t\t\t\t\t\t\t\t\t\t\t\t\t\t\t\t\t\t\t\t\t                                                            <div class=\"btn-wraper\">\n                                    \n                                                                            <a class=\"elementskit-btn whitespace--normal\" id=\"\" href=\"https:\/\/vitalmutfak.com\/es\/hostech-by-tusid-estambul-2025\/\">\n                                        \t                                            Leer...                                        <\/a>\n                                                                    <\/div>\n                                                    <\/div><!-- .elementskit-post-body END -->\n                    <\/div>\n                \n            <\/div>\n                    <div class=\"col-lg-4 col-md-6\">\n\n                                    <div class=\"elementskit-post-image-card\">\n                        <div class=\"elementskit-entry-header\">\n                                                            <a href=\"https:\/\/vitalmutfak.com\/es\/el-salon-nafem-2023\/\" class=\"elementskit-entry-thumb\">\n                                    <img decoding=\"async\" src=\"https:\/\/vitalmutfak.com\/wp-content\/uploads\/06_Resim4.jpeg\" alt=\"El Sal\u00f3n NAFEM 2023\">\n                                <\/a><!-- .elementskit-entry-thumb END -->\n                                                            \n                            \n\t\t\t\t\t\t\t\t\t\t\t\t\t<\/div><!-- .elementskit-entry-header END -->\n\n\t\t\t\t\t\t<div class=\"elementskit-post-body \">\n\t\t\t\t\t\t\t\n\t\t\t\t\t\t\t\t\t\t\t\t\t\t\t\t\t\t\t\t\t\t\t\t\t\t\t\t\t\t\n\t\t\t\t\t\t\t\t\n\t\t\t\t\t\t\t\t\t\t\t\t\t\t\t\t\t\t\t\t\t<h2 class=\"entry-title\">\n\t\t\t\t\t<a href=\"https:\/\/vitalmutfak.com\/es\/el-salon-nafem-2023\/\">\n\t\t\t\t\t\tEl Sal\u00f3n NAFEM 2023\t\t\t\t\t<\/a>\n\t\t\t\t<\/h2>\n\t\t\t\t\t\t\t\t\t\t\t\t\t\t\t\t\t\t\t\t\t\t\t\t\t\t\t\t\t\t\t\t                                                            <div class=\"btn-wraper\">\n                                    \n                                                                            <a class=\"elementskit-btn whitespace--normal\" id=\"\" href=\"https:\/\/vitalmutfak.com\/es\/el-salon-nafem-2023\/\">\n                                        \t                                            Leer...                                        <\/a>\n                                                                    <\/div>\n                                                    <\/div><!-- .elementskit-post-body END -->\n                    <\/div>\n                \n            <\/div>\n                    <div class=\"col-lg-4 col-md-6\">\n\n                                    <div class=\"elementskit-post-image-card\">\n                        <div class=\"elementskit-entry-header\">\n                                                            <a href=\"https:\/\/vitalmutfak.com\/es\/acnur-alto-comisionado-de-las-naciones-unidas-para-los-refugiados\/\" class=\"elementskit-entry-thumb\">\n                                    <img decoding=\"async\" src=\"https:\/\/vitalmutfak.com\/wp-content\/uploads\/02_Resim1.jpeg\" alt=\"ACNUR (Alto Comisionado de las Naciones Unidas para los Refugiados)\">\n                                <\/a><!-- .elementskit-entry-thumb END -->\n                                                            \n                            \n\t\t\t\t\t\t\t\t\t\t\t\t\t<\/div><!-- .elementskit-entry-header END -->\n\n\t\t\t\t\t\t<div class=\"elementskit-post-body \">\n\t\t\t\t\t\t\t\n\t\t\t\t\t\t\t\t\t\t\t\t\t\t\t\t\t\t\t\t\t\t\t\t\t\t\t\t\t\t\n\t\t\t\t\t\t\t\t\n\t\t\t\t\t\t\t\t\t\t\t\t\t\t\t\t\t\t\t\t\t<h2 class=\"entry-title\">\n\t\t\t\t\t<a href=\"https:\/\/vitalmutfak.com\/es\/acnur-alto-comisionado-de-las-naciones-unidas-para-los-refugiados\/\">\n\t\t\t\t\t\tACNUR (Alto Comisionado de las Naciones Unidas para los Refugiados)\t\t\t\t\t<\/a>\n\t\t\t\t<\/h2>\n\t\t\t\t\t\t\t\t\t\t\t\t\t\t\t\t\t\t\t\t\t\t\t\t\t\t\t\t\t\t\t\t                                                            <div class=\"btn-wraper\">\n                                    \n                                                                            <a class=\"elementskit-btn whitespace--normal\" id=\"\" href=\"https:\/\/vitalmutfak.com\/es\/acnur-alto-comisionado-de-las-naciones-unidas-para-los-refugiados\/\">\n                                        \t                                            Leer...                                        <\/a>\n                                                                    <\/div>\n                                                    <\/div><!-- .elementskit-post-body END -->\n                    <\/div>\n                \n            <\/div>\n                    <div class=\"col-lg-4 col-md-6\">\n\n                                    <div class=\"elementskit-post-image-card\">\n                        <div class=\"elementskit-entry-header\">\n                                                            <a href=\"https:\/\/vitalmutfak.com\/es\/evento-vital-gourmet-5\/\" class=\"elementskit-entry-thumb\">\n                                    <img decoding=\"async\" src=\"https:\/\/vitalmutfak.com\/wp-content\/uploads\/13_Resim27-e1760704130839.jpeg\" alt=\"Evento Vital Gourmet 5\">\n                                <\/a><!-- .elementskit-entry-thumb END -->\n                                                            \n                            \n\t\t\t\t\t\t\t\t\t\t\t\t\t<\/div><!-- .elementskit-entry-header END -->\n\n\t\t\t\t\t\t<div class=\"elementskit-post-body \">\n\t\t\t\t\t\t\t\n\t\t\t\t\t\t\t\t\t\t\t\t\t\t\t\t\t\t\t\t\t\t\t\t\t\t\t\t\t\t\n\t\t\t\t\t\t\t\t\n\t\t\t\t\t\t\t\t\t\t\t\t\t\t\t\t\t\t\t\t\t<h2 class=\"entry-title\">\n\t\t\t\t\t<a href=\"https:\/\/vitalmutfak.com\/es\/evento-vital-gourmet-5\/\">\n\t\t\t\t\t\tEvento Vital Gourmet 5\t\t\t\t\t<\/a>\n\t\t\t\t<\/h2>\n\t\t\t\t\t\t\t\t\t\t\t\t\t\t\t\t\t\t\t\t\t\t\t\t\t\t\t\t\t\t\t\t                                                            <div class=\"btn-wraper\">\n                                    \n                                                                            <a class=\"elementskit-btn whitespace--normal\" id=\"\" href=\"https:\/\/vitalmutfak.com\/es\/evento-vital-gourmet-5\/\">\n                                        \t                                            Leer...                                        <\/a>\n                                                                    <\/div>\n                                                    <\/div><!-- .elementskit-post-body END -->\n                    <\/div>\n                \n            <\/div>\n                    <div class=\"col-lg-4 col-md-6\">\n\n                                    <div class=\"elementskit-post-image-card\">\n                        <div class=\"elementskit-entry-header\">\n                                                            <a href=\"https:\/\/vitalmutfak.com\/es\/evento-4-de-vital-gourmet\/\" class=\"elementskit-entry-thumb\">\n                                    <img decoding=\"async\" src=\"https:\/\/vitalmutfak.com\/wp-content\/uploads\/12_Resim24.jpeg\" alt=\"Evento 4 de Vital Gourmet\">\n                                <\/a><!-- .elementskit-entry-thumb END -->\n                                                            \n                            \n\t\t\t\t\t\t\t\t\t\t\t\t\t<\/div><!-- .elementskit-entry-header END -->\n\n\t\t\t\t\t\t<div class=\"elementskit-post-body \">\n\t\t\t\t\t\t\t\n\t\t\t\t\t\t\t\t\t\t\t\t\t\t\t\t\t\t\t\t\t\t\t\t\t\t\t\t\t\t\n\t\t\t\t\t\t\t\t\n\t\t\t\t\t\t\t\t\t\t\t\t\t\t\t\t\t\t\t\t\t<h2 class=\"entry-title\">\n\t\t\t\t\t<a href=\"https:\/\/vitalmutfak.com\/es\/evento-4-de-vital-gourmet\/\">\n\t\t\t\t\t\tEvento 4 de Vital Gourmet\t\t\t\t\t<\/a>\n\t\t\t\t<\/h2>\n\t\t\t\t\t\t\t\t\t\t\t\t\t\t\t\t\t\t\t\t\t\t\t\t\t\t\t\t\t\t\t\t                                                            <div class=\"btn-wraper\">\n                                    \n                                                                            <a class=\"elementskit-btn whitespace--normal\" id=\"\" href=\"https:\/\/vitalmutfak.com\/es\/evento-4-de-vital-gourmet\/\">\n                                        \t                                            Leer...                                        <\/a>\n                                                                    <\/div>\n                                                    <\/div><!-- .elementskit-post-body END -->\n                    <\/div>\n                \n            <\/div>\n                    <div class=\"col-lg-4 col-md-6\">\n\n                                    <div class=\"elementskit-post-image-card\">\n                        <div class=\"elementskit-entry-header\">\n                                                            <a href=\"https:\/\/vitalmutfak.com\/es\/evento-3-de-vital-gourmet\/\" class=\"elementskit-entry-thumb\">\n                                    <img decoding=\"async\" src=\"https:\/\/vitalmutfak.com\/wp-content\/uploads\/11_Resim20-e1760948602903.jpeg\" alt=\"Evento 3 de Vital Gourmet\">\n                                <\/a><!-- .elementskit-entry-thumb END -->\n                                                            \n                            \n\t\t\t\t\t\t\t\t\t\t\t\t\t<\/div><!-- .elementskit-entry-header END -->\n\n\t\t\t\t\t\t<div class=\"elementskit-post-body \">\n\t\t\t\t\t\t\t\n\t\t\t\t\t\t\t\t\t\t\t\t\t\t\t\t\t\t\t\t\t\t\t\t\t\t\t\t\t\t\n\t\t\t\t\t\t\t\t\n\t\t\t\t\t\t\t\t\t\t\t\t\t\t\t\t\t\t\t\t\t<h2 class=\"entry-title\">\n\t\t\t\t\t<a href=\"https:\/\/vitalmutfak.com\/es\/evento-3-de-vital-gourmet\/\">\n\t\t\t\t\t\tEvento 3 de Vital Gourmet\t\t\t\t\t<\/a>\n\t\t\t\t<\/h2>\n\t\t\t\t\t\t\t\t\t\t\t\t\t\t\t\t\t\t\t\t\t\t\t\t\t\t\t\t\t\t\t\t                                                            <div class=\"btn-wraper\">\n                                    \n                                                                            <a class=\"elementskit-btn whitespace--normal\" id=\"\" href=\"https:\/\/vitalmutfak.com\/es\/evento-3-de-vital-gourmet\/\">\n                                        \t                                            Leer...                                        <\/a>\n                                                                    <\/div>\n                                                    <\/div><!-- .elementskit-post-body END -->\n                    <\/div>\n                \n            <\/div>\n                    <div class=\"col-lg-4 col-md-6\">\n\n                                    <div class=\"elementskit-post-image-card\">\n                        <div class=\"elementskit-entry-header\">\n                                                            <a href=\"https:\/\/vitalmutfak.com\/es\/pirexpo-2023\/\" class=\"elementskit-entry-thumb\">\n                                    <img decoding=\"async\" src=\"https:\/\/vitalmutfak.com\/wp-content\/uploads\/09_Resim15.jpeg\" alt=\"PIREXPO 2023\">\n                                <\/a><!-- .elementskit-entry-thumb END -->\n                                                            \n                            \n\t\t\t\t\t\t\t\t\t\t\t\t\t<\/div><!-- .elementskit-entry-header END -->\n\n\t\t\t\t\t\t<div class=\"elementskit-post-body \">\n\t\t\t\t\t\t\t\n\t\t\t\t\t\t\t\t\t\t\t\t\t\t\t\t\t\t\t\t\t\t\t\t\t\t\t\t\t\t\n\t\t\t\t\t\t\t\t\n\t\t\t\t\t\t\t\t\t\t\t\t\t\t\t\t\t\t\t\t\t<h2 class=\"entry-title\">\n\t\t\t\t\t<a href=\"https:\/\/vitalmutfak.com\/es\/pirexpo-2023\/\">\n\t\t\t\t\t\tPIREXPO 2023\t\t\t\t\t<\/a>\n\t\t\t\t<\/h2>\n\t\t\t\t\t\t\t\t\t\t\t\t\t\t\t\t\t\t\t\t\t\t\t\t\t\t\t\t\t\t\t\t                                                            <div class=\"btn-wraper\">\n                                    \n                                                                            <a class=\"elementskit-btn whitespace--normal\" id=\"\" href=\"https:\/\/vitalmutfak.com\/es\/pirexpo-2023\/\">\n                                        \t                                            Leer...                                        <\/a>\n                                                                    <\/div>\n                                                    <\/div><!-- .elementskit-post-body END -->\n                    <\/div>\n                \n            <\/div>\n                    <div class=\"col-lg-4 col-md-6\">\n\n                                    <div class=\"elementskit-post-image-card\">\n                        <div class=\"elementskit-entry-header\">\n                                                            <a href=\"https:\/\/vitalmutfak.com\/es\/evento-2-de-vital-gourmet\/\" class=\"elementskit-entry-thumb\">\n                                    <img decoding=\"async\" src=\"https:\/\/vitalmutfak.com\/wp-content\/uploads\/10_Resim17.jpeg\" alt=\"Evento 2 de Vital Gourmet\">\n                                <\/a><!-- .elementskit-entry-thumb END -->\n                                                            \n                            \n\t\t\t\t\t\t\t\t\t\t\t\t\t<\/div><!-- .elementskit-entry-header END -->\n\n\t\t\t\t\t\t<div class=\"elementskit-post-body \">\n\t\t\t\t\t\t\t\n\t\t\t\t\t\t\t\t\t\t\t\t\t\t\t\t\t\t\t\t\t\t\t\t\t\t\t\t\t\t\n\t\t\t\t\t\t\t\t\n\t\t\t\t\t\t\t\t\t\t\t\t\t\t\t\t\t\t\t\t\t<h2 class=\"entry-title\">\n\t\t\t\t\t<a href=\"https:\/\/vitalmutfak.com\/es\/evento-2-de-vital-gourmet\/\">\n\t\t\t\t\t\tEvento 2 de Vital Gourmet\t\t\t\t\t<\/a>\n\t\t\t\t<\/h2>\n\t\t\t\t\t\t\t\t\t\t\t\t\t\t\t\t\t\t\t\t\t\t\t\t\t\t\t\t\t\t\t\t                                                            <div class=\"btn-wraper\">\n                                    \n                                                                            <a class=\"elementskit-btn whitespace--normal\" id=\"\" href=\"https:\/\/vitalmutfak.com\/es\/evento-2-de-vital-gourmet\/\">\n                                        \t                                            Leer...                                        <\/a>\n                                                                    <\/div>\n                                                    <\/div><!-- .elementskit-post-body END -->\n                    <\/div>\n                \n            <\/div>\n                    <div class=\"col-lg-4 col-md-6\">\n\n                                    <div class=\"elementskit-post-image-card\">\n                        <div class=\"elementskit-entry-header\">\n                                                            <a href=\"https:\/\/vitalmutfak.com\/es\/pirexpo-2022\/\" class=\"elementskit-entry-thumb\">\n                                    <img decoding=\"async\" src=\"https:\/\/vitalmutfak.com\/wp-content\/uploads\/03_Resim7.jpeg\" alt=\"PIREXPO 2022\">\n                                <\/a><!-- .elementskit-entry-thumb END -->\n                                                            \n                            \n\t\t\t\t\t\t\t\t\t\t\t\t\t<\/div><!-- .elementskit-entry-header END -->\n\n\t\t\t\t\t\t<div class=\"elementskit-post-body \">\n\t\t\t\t\t\t\t\n\t\t\t\t\t\t\t\t\t\t\t\t\t\t\t\t\t\t\t\t\t\t\t\t\t\t\t\t\t\t\n\t\t\t\t\t\t\t\t\n\t\t\t\t\t\t\t\t\t\t\t\t\t\t\t\t\t\t\t\t\t<h2 class=\"entry-title\">\n\t\t\t\t\t<a href=\"https:\/\/vitalmutfak.com\/es\/pirexpo-2022\/\">\n\t\t\t\t\t\tPIREXPO 2022\t\t\t\t\t<\/a>\n\t\t\t\t<\/h2>\n\t\t\t\t\t\t\t\t\t\t\t\t\t\t\t\t\t\t\t\t\t\t\t\t\t\t\t\t\t\t\t\t                                                            <div class=\"btn-wraper\">\n                                    \n                                                                            <a class=\"elementskit-btn whitespace--normal\" id=\"\" href=\"https:\/\/vitalmutfak.com\/es\/pirexpo-2022\/\">\n                                        \t                                            Leer...                                        <\/a>\n                                                                    <\/div>\n                                                    <\/div><!-- .elementskit-post-body END -->\n                    <\/div>\n                \n            <\/div>\n                    <div class=\"col-lg-4 col-md-6\">\n\n                                    <div class=\"elementskit-post-image-card\">\n                        <div class=\"elementskit-entry-header\">\n                                                            <a href=\"https:\/\/vitalmutfak.com\/es\/hostech-by-tusid-estambul-2023\/\" class=\"elementskit-entry-thumb\">\n                                    <img decoding=\"async\" src=\"https:\/\/vitalmutfak.com\/wp-content\/uploads\/07_Resim7.jpeg\" alt=\"Hostech by TUSID Estambul 2023\">\n                                <\/a><!-- .elementskit-entry-thumb END -->\n                                                            \n                            \n\t\t\t\t\t\t\t\t\t\t\t\t\t<\/div><!-- .elementskit-entry-header END -->\n\n\t\t\t\t\t\t<div class=\"elementskit-post-body \">\n\t\t\t\t\t\t\t\n\t\t\t\t\t\t\t\t\t\t\t\t\t\t\t\t\t\t\t\t\t\t\t\t\t\t\t\t\t\t\n\t\t\t\t\t\t\t\t\n\t\t\t\t\t\t\t\t\t\t\t\t\t\t\t\t\t\t\t\t\t<h2 class=\"entry-title\">\n\t\t\t\t\t<a href=\"https:\/\/vitalmutfak.com\/es\/hostech-by-tusid-estambul-2023\/\">\n\t\t\t\t\t\tHostech by TUSID Estambul 2023\t\t\t\t\t<\/a>\n\t\t\t\t<\/h2>\n\t\t\t\t\t\t\t\t\t\t\t\t\t\t\t\t\t\t\t\t\t\t\t\t\t\t\t\t\t\t\t\t                                                            <div class=\"btn-wraper\">\n                                    \n                                                                            <a class=\"elementskit-btn whitespace--normal\" id=\"\" href=\"https:\/\/vitalmutfak.com\/es\/hostech-by-tusid-estambul-2023\/\">\n                                        \t                                            Leer...                                        <\/a>\n                                                                    <\/div>\n                                                    <\/div><!-- .elementskit-post-body END -->\n                    <\/div>\n                \n            <\/div>\n                    <div class=\"col-lg-4 col-md-6\">\n\n                                    <div class=\"elementskit-post-image-card\">\n                        <div class=\"elementskit-entry-header\">\n                                                            <a href=\"https:\/\/vitalmutfak.com\/es\/reunion-del-gran-sector-tusid-antalya\/\" class=\"elementskit-entry-thumb\">\n                                    <img decoding=\"async\" src=\"https:\/\/vitalmutfak.com\/wp-content\/uploads\/04_Resim11.jpeg\" alt=\"Reuni\u00f3n del Gran Sector TUSID Antalya\">\n                                <\/a><!-- .elementskit-entry-thumb END -->\n                                                            \n                            \n\t\t\t\t\t\t\t\t\t\t\t\t\t<\/div><!-- .elementskit-entry-header END -->\n\n\t\t\t\t\t\t<div class=\"elementskit-post-body \">\n\t\t\t\t\t\t\t\n\t\t\t\t\t\t\t\t\t\t\t\t\t\t\t\t\t\t\t\t\t\t\t\t\t\t\t\t\t\t\n\t\t\t\t\t\t\t\t\n\t\t\t\t\t\t\t\t\t\t\t\t\t\t\t\t\t\t\t\t\t<h2 class=\"entry-title\">\n\t\t\t\t\t<a href=\"https:\/\/vitalmutfak.com\/es\/reunion-del-gran-sector-tusid-antalya\/\">\n\t\t\t\t\t\tReuni\u00f3n del Gran Sector TUSID Antalya\t\t\t\t\t<\/a>\n\t\t\t\t<\/h2>\n\t\t\t\t\t\t\t\t\t\t\t\t\t\t\t\t\t\t\t\t\t\t\t\t\t\t\t\t\t\t\t\t                                                            <div class=\"btn-wraper\">\n                                    \n                                                                            <a class=\"elementskit-btn whitespace--normal\" id=\"\" href=\"https:\/\/vitalmutfak.com\/es\/reunion-del-gran-sector-tusid-antalya\/\">\n                                        \t                                            Leer...                                        <\/a>\n                                                                    <\/div>\n                                                    <\/div><!-- .elementskit-post-body END -->\n                    <\/div>\n                \n            <\/div>\n                    <div class=\"col-lg-4 col-md-6\">\n\n                                    <div class=\"elementskit-post-image-card\">\n                        <div class=\"elementskit-entry-header\">\n                                                            <a href=\"https:\/\/vitalmutfak.com\/es\/internorga-2022\/\" class=\"elementskit-entry-thumb\">\n                                    <img decoding=\"async\" src=\"https:\/\/vitalmutfak.com\/wp-content\/uploads\/01_Resim2.jpeg\" alt=\"INTERNORGA 2022\">\n                                <\/a><!-- .elementskit-entry-thumb END -->\n                                                            \n                            \n\t\t\t\t\t\t\t\t\t\t\t\t\t<\/div><!-- .elementskit-entry-header END -->\n\n\t\t\t\t\t\t<div class=\"elementskit-post-body \">\n\t\t\t\t\t\t\t\n\t\t\t\t\t\t\t\t\t\t\t\t\t\t\t\t\t\t\t\t\t\t\t\t\t\t\t\t\t\t\n\t\t\t\t\t\t\t\t\n\t\t\t\t\t\t\t\t\t\t\t\t\t\t\t\t\t\t\t\t\t<h2 class=\"entry-title\">\n\t\t\t\t\t<a href=\"https:\/\/vitalmutfak.com\/es\/internorga-2022\/\">\n\t\t\t\t\t\tINTERNORGA 2022\t\t\t\t\t<\/a>\n\t\t\t\t<\/h2>\n\t\t\t\t\t\t\t\t\t\t\t\t\t\t\t\t\t\t\t\t\t\t\t\t\t\t\t\t\t\t\t\t                                                            <div class=\"btn-wraper\">\n                                    \n                                                                            <a class=\"elementskit-btn whitespace--normal\" id=\"\" href=\"https:\/\/vitalmutfak.com\/es\/internorga-2022\/\">\n                                        \t                                            Leer...                                        <\/a>\n                                                                    <\/div>\n                                                    <\/div><!-- .elementskit-post-body END -->\n                    <\/div>\n                \n            <\/div>\n                    <div class=\"col-lg-4 col-md-6\">\n\n                                    <div class=\"elementskit-post-image-card\">\n                        <div class=\"elementskit-entry-header\">\n                                                            <a href=\"https:\/\/vitalmutfak.com\/es\/el-grupo-mutas-acogio-a-los-centros-de-servicios-autorizados-de-las-regiones-mediterranea-sureste-de-anatolia-y-este-de-anatolia-en-el-evento-vital-gourmet\/\" class=\"elementskit-entry-thumb\">\n                                    <img decoding=\"async\" src=\"https:\/\/vitalmutfak.com\/wp-content\/uploads\/Resim26.png\" alt=\"El Grupo Muta\u015f acogi\u00f3 a los Centros de Servicios Autorizados de las Regiones Mediterr\u00e1nea, Sureste de Anatolia y Este de Anatolia en el Evento Vital Gourmet\">\n                                <\/a><!-- .elementskit-entry-thumb END -->\n                                                            \n                            \n\t\t\t\t\t\t\t\t\t\t\t\t\t<\/div><!-- .elementskit-entry-header END -->\n\n\t\t\t\t\t\t<div class=\"elementskit-post-body \">\n\t\t\t\t\t\t\t\n\t\t\t\t\t\t\t\t\t\t\t\t\t\t\t\t\t\t\t\t\t\t\t\t\t\t\t\t\t\t\n\t\t\t\t\t\t\t\t\n\t\t\t\t\t\t\t\t\t\t\t\t\t\t\t\t\t\t\t\t\t<h2 class=\"entry-title\">\n\t\t\t\t\t<a href=\"https:\/\/vitalmutfak.com\/es\/el-grupo-mutas-acogio-a-los-centros-de-servicios-autorizados-de-las-regiones-mediterranea-sureste-de-anatolia-y-este-de-anatolia-en-el-evento-vital-gourmet\/\">\n\t\t\t\t\t\tEl Grupo Muta\u015f acogi\u00f3 a los Centros de Servicios Autorizados...\t\t\t\t\t<\/a>\n\t\t\t\t<\/h2>\n\t\t\t\t\t\t\t\t\t\t\t\t\t\t\t\t\t\t\t\t\t\t\t\t\t\t\t\t\t\t\t\t                                                            <div class=\"btn-wraper\">\n                                    \n                                                                            <a class=\"elementskit-btn whitespace--normal\" id=\"\" href=\"https:\/\/vitalmutfak.com\/es\/el-grupo-mutas-acogio-a-los-centros-de-servicios-autorizados-de-las-regiones-mediterranea-sureste-de-anatolia-y-este-de-anatolia-en-el-evento-vital-gourmet\/\">\n                                        \t                                            Leer...                                        <\/a>\n                                                                    <\/div>\n                                                    <\/div><!-- .elementskit-post-body END -->\n                    <\/div>\n                \n            <\/div>\n                    <div class=\"col-lg-4 col-md-6\">\n\n                                    <div class=\"elementskit-post-image-card\">\n                        <div class=\"elementskit-entry-header\">\n                                                            <a href=\"https:\/\/vitalmutfak.com\/es\/el-grupo-mutas-acogio-a-los-servicios-autorizados-de-la-region-del-mar-negro-occidental-y-anatolia-central-en-el-evento-vital-gourmet\/\" class=\"elementskit-entry-thumb\">\n                                    <img decoding=\"async\" src=\"https:\/\/vitalmutfak.com\/wp-content\/uploads\/Resim23.png\" alt=\"El Grupo Muta\u015f acogi\u00f3 a los Servicios Autorizados de la Regi\u00f3n del Mar Negro Occidental y Anatolia Central en el evento Vital Gourmet\">\n                                <\/a><!-- .elementskit-entry-thumb END -->\n                                                            \n                            \n\t\t\t\t\t\t\t\t\t\t\t\t\t<\/div><!-- .elementskit-entry-header END -->\n\n\t\t\t\t\t\t<div class=\"elementskit-post-body \">\n\t\t\t\t\t\t\t\n\t\t\t\t\t\t\t\t\t\t\t\t\t\t\t\t\t\t\t\t\t\t\t\t\t\t\t\t\t\t\n\t\t\t\t\t\t\t\t\n\t\t\t\t\t\t\t\t\t\t\t\t\t\t\t\t\t\t\t\t\t<h2 class=\"entry-title\">\n\t\t\t\t\t<a href=\"https:\/\/vitalmutfak.com\/es\/el-grupo-mutas-acogio-a-los-servicios-autorizados-de-la-region-del-mar-negro-occidental-y-anatolia-central-en-el-evento-vital-gourmet\/\">\n\t\t\t\t\t\tEl Grupo Muta\u015f acogi\u00f3 a los Servicios Autorizados de la...\t\t\t\t\t<\/a>\n\t\t\t\t<\/h2>\n\t\t\t\t\t\t\t\t\t\t\t\t\t\t\t\t\t\t\t\t\t\t\t\t\t\t\t\t\t\t\t\t                                                            <div class=\"btn-wraper\">\n                                    \n                                                                            <a class=\"elementskit-btn whitespace--normal\" id=\"\" href=\"https:\/\/vitalmutfak.com\/es\/el-grupo-mutas-acogio-a-los-servicios-autorizados-de-la-region-del-mar-negro-occidental-y-anatolia-central-en-el-evento-vital-gourmet\/\">\n                                        \t                                            Leer...                                        <\/a>\n                                                                    <\/div>\n                                                    <\/div><!-- .elementskit-post-body END -->\n                    <\/div>\n                \n            <\/div>\n                    <div class=\"col-lg-4 col-md-6\">\n\n                                    <div class=\"elementskit-post-image-card\">\n                        <div class=\"elementskit-entry-header\">\n                                                            <a href=\"https:\/\/vitalmutfak.com\/es\/el-grupo-mutas-acogio-a-los-centros-de-servicio-autorizados-de-la-region-del-egeo-en-el-primer-evento-del-ano\/\" class=\"elementskit-entry-thumb\">\n                                    <img decoding=\"async\" src=\"https:\/\/vitalmutfak.com\/wp-content\/uploads\/Resim22.png\" alt=\"El Grupo Muta\u015f acogi\u00f3 a los Centros de Servicio Autorizados de la Regi\u00f3n del Egeo en el primer evento del a\u00f1o\">\n                                <\/a><!-- .elementskit-entry-thumb END -->\n                                                            \n                            \n\t\t\t\t\t\t\t\t\t\t\t\t\t<\/div><!-- .elementskit-entry-header END -->\n\n\t\t\t\t\t\t<div class=\"elementskit-post-body \">\n\t\t\t\t\t\t\t\n\t\t\t\t\t\t\t\t\t\t\t\t\t\t\t\t\t\t\t\t\t\t\t\t\t\t\t\t\t\t\n\t\t\t\t\t\t\t\t\n\t\t\t\t\t\t\t\t\t\t\t\t\t\t\t\t\t\t\t\t\t<h2 class=\"entry-title\">\n\t\t\t\t\t<a href=\"https:\/\/vitalmutfak.com\/es\/el-grupo-mutas-acogio-a-los-centros-de-servicio-autorizados-de-la-region-del-egeo-en-el-primer-evento-del-ano\/\">\n\t\t\t\t\t\tEl Grupo Muta\u015f acogi\u00f3 a los Centros de Servicio Autorizados...\t\t\t\t\t<\/a>\n\t\t\t\t<\/h2>\n\t\t\t\t\t\t\t\t\t\t\t\t\t\t\t\t\t\t\t\t\t\t\t\t\t\t\t\t\t\t\t\t                                                            <div class=\"btn-wraper\">\n                                    \n                                                                            <a class=\"elementskit-btn whitespace--normal\" id=\"\" href=\"https:\/\/vitalmutfak.com\/es\/el-grupo-mutas-acogio-a-los-centros-de-servicio-autorizados-de-la-region-del-egeo-en-el-primer-evento-del-ano\/\">\n                                        \t                                            Leer...                                        <\/a>\n                                                                    <\/div>\n                                                    <\/div><!-- .elementskit-post-body END -->\n                    <\/div>\n                \n            <\/div>\n                    <div class=\"col-lg-4 col-md-6\">\n\n                                    <div class=\"elementskit-post-image-card\">\n                        <div class=\"elementskit-entry-header\">\n                                                            <a href=\"https:\/\/vitalmutfak.com\/es\/el-grupo-mutas-y-los-servicios-autorizados-de-la-region-de-marmara-se-reunieron-en-el-evento-vital-kitchen\/\" class=\"elementskit-entry-thumb\">\n                                    <img decoding=\"async\" src=\"https:\/\/vitalmutfak.com\/wp-content\/uploads\/Resim17.png\" alt=\"El Grupo Muta\u015f y los Servicios Autorizados de la Regi\u00f3n de M\u00e1rmara se reunieron en el Evento Vital Kitchen\">\n                                <\/a><!-- .elementskit-entry-thumb END -->\n                                                            \n                            \n\t\t\t\t\t\t\t\t\t\t\t\t\t<\/div><!-- .elementskit-entry-header END -->\n\n\t\t\t\t\t\t<div class=\"elementskit-post-body \">\n\t\t\t\t\t\t\t\n\t\t\t\t\t\t\t\t\t\t\t\t\t\t\t\t\t\t\t\t\t\t\t\t\t\t\t\t\t\t\n\t\t\t\t\t\t\t\t\n\t\t\t\t\t\t\t\t\t\t\t\t\t\t\t\t\t\t\t\t\t<h2 class=\"entry-title\">\n\t\t\t\t\t<a href=\"https:\/\/vitalmutfak.com\/es\/el-grupo-mutas-y-los-servicios-autorizados-de-la-region-de-marmara-se-reunieron-en-el-evento-vital-kitchen\/\">\n\t\t\t\t\t\tEl Grupo Muta\u015f y los Servicios Autorizados de la Regi\u00f3n...\t\t\t\t\t<\/a>\n\t\t\t\t<\/h2>\n\t\t\t\t\t\t\t\t\t\t\t\t\t\t\t\t\t\t\t\t\t\t\t\t\t\t\t\t\t\t\t\t                                                            <div class=\"btn-wraper\">\n                                    \n                                                                            <a class=\"elementskit-btn whitespace--normal\" id=\"\" href=\"https:\/\/vitalmutfak.com\/es\/el-grupo-mutas-y-los-servicios-autorizados-de-la-region-de-marmara-se-reunieron-en-el-evento-vital-kitchen\/\">\n                                        \t                                            Leer...                                        <\/a>\n                                                                    <\/div>\n                                                    <\/div><!-- .elementskit-post-body END -->\n                    <\/div>\n                \n            <\/div>\n                    <div class=\"col-lg-4 col-md-6\">\n\n                                    <div class=\"elementskit-post-image-card\">\n                        <div class=\"elementskit-entry-header\">\n                                                            <a href=\"https:\/\/vitalmutfak.com\/es\/evento-vital-gourmet-1\/\" class=\"elementskit-entry-thumb\">\n                                    <img decoding=\"async\" src=\"https:\/\/vitalmutfak.com\/wp-content\/uploads\/08_Resim10.jpeg\" alt=\"Evento Vital Gourmet 1\">\n                                <\/a><!-- .elementskit-entry-thumb END -->\n                                                            \n                            \n\t\t\t\t\t\t\t\t\t\t\t\t\t<\/div><!-- .elementskit-entry-header END -->\n\n\t\t\t\t\t\t<div class=\"elementskit-post-body \">\n\t\t\t\t\t\t\t\n\t\t\t\t\t\t\t\t\t\t\t\t\t\t\t\t\t\t\t\t\t\t\t\t\t\t\t\t\t\t\n\t\t\t\t\t\t\t\t\n\t\t\t\t\t\t\t\t\t\t\t\t\t\t\t\t\t\t\t\t\t<h2 class=\"entry-title\">\n\t\t\t\t\t<a href=\"https:\/\/vitalmutfak.com\/es\/evento-vital-gourmet-1\/\">\n\t\t\t\t\t\tEvento Vital Gourmet 1\t\t\t\t\t<\/a>\n\t\t\t\t<\/h2>\n\t\t\t\t\t\t\t\t\t\t\t\t\t\t\t\t\t\t\t\t\t\t\t\t\t\t\t\t\t\t\t\t                                                            <div class=\"btn-wraper\">\n                                    \n                                                                            <a class=\"elementskit-btn whitespace--normal\" id=\"\" href=\"https:\/\/vitalmutfak.com\/es\/evento-vital-gourmet-1\/\">\n                                        \t                                            Leer...                                        <\/a>\n                                                                    <\/div>\n                                                    <\/div><!-- .elementskit-post-body END -->\n                    <\/div>\n                \n            <\/div>\n                    <div class=\"col-lg-4 col-md-6\">\n\n                                    <div class=\"elementskit-post-image-card\">\n                        <div class=\"elementskit-entry-header\">\n                                                            <a href=\"https:\/\/vitalmutfak.com\/es\/el-grupo-mutas-se-reunio-con-su-publico-objetivo-en-el-evento-vital-kitchen\/\" class=\"elementskit-entry-thumb\">\n                                    <img decoding=\"async\" src=\"https:\/\/vitalmutfak.com\/wp-content\/uploads\/Resim10.png\" alt=\"El Grupo Muta\u015f se reuni\u00f3 con su p\u00fablico objetivo en el Evento Vital Kitchen\">\n                                <\/a><!-- .elementskit-entry-thumb END -->\n                                                            \n                            \n\t\t\t\t\t\t\t\t\t\t\t\t\t<\/div><!-- .elementskit-entry-header END -->\n\n\t\t\t\t\t\t<div class=\"elementskit-post-body \">\n\t\t\t\t\t\t\t\n\t\t\t\t\t\t\t\t\t\t\t\t\t\t\t\t\t\t\t\t\t\t\t\t\t\t\t\t\t\t\n\t\t\t\t\t\t\t\t\n\t\t\t\t\t\t\t\t\t\t\t\t\t\t\t\t\t\t\t\t\t<h2 class=\"entry-title\">\n\t\t\t\t\t<a href=\"https:\/\/vitalmutfak.com\/es\/el-grupo-mutas-se-reunio-con-su-publico-objetivo-en-el-evento-vital-kitchen\/\">\n\t\t\t\t\t\tEl Grupo Muta\u015f se reuni\u00f3 con su p\u00fablico objetivo en...\t\t\t\t\t<\/a>\n\t\t\t\t<\/h2>\n\t\t\t\t\t\t\t\t\t\t\t\t\t\t\t\t\t\t\t\t\t\t\t\t\t\t\t\t\t\t\t\t                                                            <div class=\"btn-wraper\">\n                                    \n                                                                            <a class=\"elementskit-btn whitespace--normal\" id=\"\" href=\"https:\/\/vitalmutfak.com\/es\/el-grupo-mutas-se-reunio-con-su-publico-objetivo-en-el-evento-vital-kitchen\/\">\n                                        \t                                            Leer...                                        <\/a>\n                                                                    <\/div>\n                                                    <\/div><!-- .elementskit-post-body END -->\n                    <\/div>\n                \n            <\/div>\n                <\/div>\n       <\/div>\t\t\t\t<\/div>\n\t\t\t\t<\/div>\n\t\t\t\t\t<\/div>\n\t\t\t\t<\/div>\n\t\t\t\t<\/div>\n\t\t","protected":false},"excerpt":{"rendered":"<p>Muta\u015f Group\u2019ta Ramazan \u0130ftar\u0131 ve Emektarlar \u00d6d\u00fcl T\u00f6reni Ger\u00e7ekle\u015ftirildi Leer&#8230; MUTA\u015e GROUP, VITAL MARKASIYLA HOST ARABIA 2025 FUARINDA YER\u0130N\u0130 ALDI Leer&#8230; MUTA\u015e GROUP, V\u0130TAL MARKASIYLA HOSTECH BY TUS\u0130D 2025 FUARINDA YER\u0130N\u0130&#8230; Leer&#8230; Muta\u015f Group, Vital Markas\u0131yla SIGEP 2024\u2019te Global Vizyonunu G\u00fc\u00e7lendirdi Leer&#8230; Muta\u015f Group, PIR Expo 2024\u2019te Vital Markas\u0131yla Yerini Ald\u0131 Leer&#8230; Muta\u015f Group, Vital [&hellip;]<\/p>\n","protected":false},"author":1,"featured_media":0,"parent":0,"menu_order":0,"comment_status":"closed","ping_status":"closed","template":"","meta":{"_acf_changed":false,"footnotes":""},"class_list":["post-36721","page","type-page","status-publish","hentry"],"acf":[],"rttpg_featured_image_url":null,"rttpg_author":{"display_name":"admin","author_link":"https:\/\/vitalmutfak.com\/es\/author\/demo_f37jglsm\/"},"rttpg_comment":0,"rttpg_category":"","rttpg_excerpt":"Muta\u015f Group\u2019ta Ramazan \u0130ftar\u0131 ve Emektarlar \u00d6d\u00fcl T\u00f6reni Ger\u00e7ekle\u015ftirildi Leer&#8230; MUTA\u015e GROUP, VITAL MARKASIYLA HOST ARABIA 2025 FUARINDA YER\u0130N\u0130 ALDI Leer&#8230; MUTA\u015e GROUP, V\u0130TAL MARKASIYLA HOSTECH BY TUS\u0130D 2025 FUARINDA YER\u0130N\u0130&#8230; Leer&#8230; Muta\u015f Group, Vital Markas\u0131yla SIGEP 2024\u2019te Global Vizyonunu G\u00fc\u00e7lendirdi Leer&#8230; Muta\u015f Group, PIR Expo 2024\u2019te Vital Markas\u0131yla Yerini Ald\u0131 Leer&#8230; Muta\u015f Group, Vital...","_links":{"self":[{"href":"https:\/\/vitalmutfak.com\/es\/wp-json\/wp\/v2\/pages\/36721","targetHints":{"allow":["GET"]}}],"collection":[{"href":"https:\/\/vitalmutfak.com\/es\/wp-json\/wp\/v2\/pages"}],"about":[{"href":"https:\/\/vitalmutfak.com\/es\/wp-json\/wp\/v2\/types\/page"}],"author":[{"embeddable":true,"href":"https:\/\/vitalmutfak.com\/es\/wp-json\/wp\/v2\/users\/1"}],"replies":[{"embeddable":true,"href":"https:\/\/vitalmutfak.com\/es\/wp-json\/wp\/v2\/comments?post=36721"}],"version-history":[{"count":17,"href":"https:\/\/vitalmutfak.com\/es\/wp-json\/wp\/v2\/pages\/36721\/revisions"}],"predecessor-version":[{"id":71296,"href":"https:\/\/vitalmutfak.com\/es\/wp-json\/wp\/v2\/pages\/36721\/revisions\/71296"}],"wp:attachment":[{"href":"https:\/\/vitalmutfak.com\/es\/wp-json\/wp\/v2\/media?parent=36721"}],"curies":[{"name":"wp","href":"https:\/\/api.w.org\/{rel}","templated":true}]}}